{"id":9416,"date":"2025-12-30T11:32:56","date_gmt":"2025-12-30T10:32:56","guid":{"rendered":"https:\/\/saintremaclestavelot.be\/secondaire\/?page_id=9416"},"modified":"2025-12-30T13:41:19","modified_gmt":"2025-12-30T12:41:19","slug":"infrastructure","status":"publish","type":"page","link":"https:\/\/saintremaclestavelot.be\/secondaire\/notre-ecole\/infrastructure\/","title":{"rendered":"Infrastructure"},"content":{"rendered":"\t\t<div data-elementor-type=\"wp-page\" data-elementor-id=\"9416\" class=\"elementor elementor-9416\" data-elementor-post-type=\"page\">\n\t\t\t\t<div class=\"elementor-element elementor-element-6bb1937 e-flex e-con-boxed e-con e-parent\" data-id=\"6bb1937\" data-element_type=\"container\" data-e-type=\"container\">\n\t\t\t\t\t<div class=\"e-con-inner\">\n\t\t\t\t<div class=\"elementor-element elementor-element-c46d421 elementor-widget elementor-widget-text-editor\" data-id=\"c46d421\" data-element_type=\"widget\" data-e-type=\"widget\" data-widget_type=\"text-editor.default\">\n\t\t\t\t<div class=\"elementor-widget-container\">\n\t\t\t\t\t\t\t\t\t<h3 data-start=\"475\" data-end=\"528\">Un cadre scolaire pens\u00e9 pour apprendre et \u00e9voluer<\/h3><p data-start=\"530\" data-end=\"932\">Le Coll\u00e8ge Saint-Remacle de Stavelot propose un environnement scolaire structur\u00e9, moderne et adapt\u00e9 aux besoins des \u00e9l\u00e8ves du secondaire. Les espaces ont \u00e9t\u00e9 repens\u00e9s afin de soutenir les apprentissages, encourager l\u2019engagement et offrir un cadre propice \u00e0 la concentration.<br data-start=\"804\" data-end=\"807\" \/>L\u2019infrastructure accompagne les pratiques p\u00e9dagogiques actuelles tout en laissant une place centrale au bien-\u00eatre des \u00e9l\u00e8ves.<\/p>\t\t\t\t\t\t\t\t<\/div>\n\t\t\t\t<\/div>\n\t\t\t\t\t<\/div>\n\t\t\t\t<\/div>\n\t\t<div class=\"elementor-element elementor-element-a96cbb5 e-flex e-con-boxed e-con e-parent\" data-id=\"a96cbb5\" data-element_type=\"container\" data-e-type=\"container\">\n\t\t\t\t\t<div class=\"e-con-inner\">\n\t\t<div class=\"elementor-element elementor-element-a287ebd e-con-full e-flex e-con e-child\" data-id=\"a287ebd\" data-element_type=\"container\" data-e-type=\"container\">\n\t\t\t\t<div class=\"elementor-element elementor-element-81b33b9 elementor-widget elementor-widget-image\" data-id=\"81b33b9\" data-element_type=\"widget\" data-e-type=\"widget\" data-widget_type=\"image.default\">\n\t\t\t\t<div class=\"elementor-widget-container\">\n\t\t\t\t\t\t\t\t\t\t\t\t\t\t\t<img fetchpriority=\"high\" decoding=\"async\" width=\"800\" height=\"534\" src=\"https:\/\/saintremaclestavelot.be\/secondaire\/wp-content\/uploads\/sites\/2\/2025\/12\/Cvisuels-251106-093705-108589COMP-1024x683.webp\" class=\"attachment-large size-large wp-image-9487\" alt=\"Photo de l&#039;ensemble de la salle polyvalente\" srcset=\"https:\/\/saintremaclestavelot.be\/secondaire\/wp-content\/uploads\/sites\/2\/2025\/12\/Cvisuels-251106-093705-108589COMP-1024x683.webp 1024w, https:\/\/saintremaclestavelot.be\/secondaire\/wp-content\/uploads\/sites\/2\/2025\/12\/Cvisuels-251106-093705-108589COMP-300x200.webp 300w, https:\/\/saintremaclestavelot.be\/secondaire\/wp-content\/uploads\/sites\/2\/2025\/12\/Cvisuels-251106-093705-108589COMP-768x512.webp 768w, https:\/\/saintremaclestavelot.be\/secondaire\/wp-content\/uploads\/sites\/2\/2025\/12\/Cvisuels-251106-093705-108589COMP-1536x1024.webp 1536w, https:\/\/saintremaclestavelot.be\/secondaire\/wp-content\/uploads\/sites\/2\/2025\/12\/Cvisuels-251106-093705-108589COMP-2048x1365.webp 2048w\" sizes=\"(max-width: 800px) 100vw, 800px\" \/>\t\t\t\t\t\t\t\t\t\t\t\t\t\t\t<\/div>\n\t\t\t\t<\/div>\n\t\t\t\t<\/div>\n\t\t<div class=\"elementor-element elementor-element-18ed685 e-con-full e-flex e-con e-child\" data-id=\"18ed685\" data-element_type=\"container\" data-e-type=\"container\">\n\t\t\t\t<div class=\"elementor-element elementor-element-5c6b85a elementor-widget elementor-widget-text-editor\" data-id=\"5c6b85a\" data-element_type=\"widget\" data-e-type=\"widget\" data-widget_type=\"text-editor.default\">\n\t\t\t\t<div class=\"elementor-widget-container\">\n\t\t\t\t\t\t\t\t\t<h3 data-start=\"978\" data-end=\"1028\">Des espaces r\u00e9nov\u00e9s au service de la p\u00e9dagogie<\/h3><p data-start=\"1030\" data-end=\"1363\">Les b\u00e2timents du Coll\u00e8ge Saint-Remacle ont fait l\u2019objet d\u2019une r\u00e9novation compl\u00e8te afin d\u2019offrir des lieux fonctionnels, confortables et adapt\u00e9s aux usages scolaires contemporains.<br data-start=\"1209\" data-end=\"1212\" \/>Chaque espace est con\u00e7u pour faciliter la circulation, la clart\u00e9 des cours et le travail collaboratif, dans un cadre s\u00e9curis\u00e9 et agr\u00e9able au quotidien.<\/p>\t\t\t\t\t\t\t\t<\/div>\n\t\t\t\t<\/div>\n\t\t\t\t<\/div>\n\t\t\t\t\t<\/div>\n\t\t\t\t<\/div>\n\t\t<div class=\"elementor-element elementor-element-9f90b04 e-flex e-con-boxed e-con e-parent\" data-id=\"9f90b04\" data-element_type=\"container\" data-e-type=\"container\">\n\t\t\t\t\t<div class=\"e-con-inner\">\n\t\t<div class=\"elementor-element elementor-element-c0fb63e e-con-full e-flex e-con e-child\" data-id=\"c0fb63e\" data-element_type=\"container\" data-e-type=\"container\">\n\t\t\t\t<div class=\"elementor-element elementor-element-7d6fa12 elementor-widget elementor-widget-text-editor\" data-id=\"7d6fa12\" data-element_type=\"widget\" data-e-type=\"widget\" data-widget_type=\"text-editor.default\">\n\t\t\t\t<div class=\"elementor-widget-container\">\n\t\t\t\t\t\t\t\t\t<h3 data-start=\"1424\" data-end=\"1475\">Le num\u00e9rique int\u00e9gr\u00e9 au c\u0153ur des apprentissages<\/h3><p data-start=\"1477\" data-end=\"1858\">L\u2019enseignement au Coll\u00e8ge Saint-Remacle s\u2019appuie sur des outils num\u00e9riques int\u00e9gr\u00e9s dans les classes. Cette infrastructure technologique permet de diversifier les m\u00e9thodes d\u2019apprentissage, de dynamiser les cours et de d\u00e9velopper les comp\u00e9tences num\u00e9riques essentielles des \u00e9l\u00e8ves.<br data-start=\"1757\" data-end=\"1760\" \/>Le num\u00e9rique devient ainsi un levier p\u00e9dagogique au service de la compr\u00e9hension et de l\u2019autonomie.<\/p>\t\t\t\t\t\t\t\t<\/div>\n\t\t\t\t<\/div>\n\t\t\t\t<\/div>\n\t\t<div class=\"elementor-element elementor-element-1d0226c e-con-full e-flex e-con e-child\" data-id=\"1d0226c\" data-element_type=\"container\" data-e-type=\"container\">\n\t\t\t\t<div class=\"elementor-element elementor-element-2a48a75 elementor-widget elementor-widget-image\" data-id=\"2a48a75\" data-element_type=\"widget\" data-e-type=\"widget\" data-widget_type=\"image.default\">\n\t\t\t\t<div class=\"elementor-widget-container\">\n\t\t\t\t\t\t\t\t\t\t\t\t\t\t\t<img decoding=\"async\" width=\"800\" height=\"534\" src=\"https:\/\/saintremaclestavelot.be\/secondaire\/wp-content\/uploads\/sites\/2\/2025\/12\/Cvisuels-251106-104215-209439COMP-1024x683.webp\" class=\"attachment-large size-large wp-image-9489\" alt=\"Eleve travaillant sur une tablette Apple\" srcset=\"https:\/\/saintremaclestavelot.be\/secondaire\/wp-content\/uploads\/sites\/2\/2025\/12\/Cvisuels-251106-104215-209439COMP-1024x683.webp 1024w, https:\/\/saintremaclestavelot.be\/secondaire\/wp-content\/uploads\/sites\/2\/2025\/12\/Cvisuels-251106-104215-209439COMP-300x200.webp 300w, https:\/\/saintremaclestavelot.be\/secondaire\/wp-content\/uploads\/sites\/2\/2025\/12\/Cvisuels-251106-104215-209439COMP-768x512.webp 768w, https:\/\/saintremaclestavelot.be\/secondaire\/wp-content\/uploads\/sites\/2\/2025\/12\/Cvisuels-251106-104215-209439COMP-1536x1024.webp 1536w, https:\/\/saintremaclestavelot.be\/secondaire\/wp-content\/uploads\/sites\/2\/2025\/12\/Cvisuels-251106-104215-209439COMP-2048x1365.webp 2048w\" sizes=\"(max-width: 800px) 100vw, 800px\" \/>\t\t\t\t\t\t\t\t\t\t\t\t\t\t\t<\/div>\n\t\t\t\t<\/div>\n\t\t\t\t<\/div>\n\t\t\t\t\t<\/div>\n\t\t\t\t<\/div>\n\t\t<div class=\"elementor-element elementor-element-6513e96 e-flex e-con-boxed e-con e-parent\" data-id=\"6513e96\" data-element_type=\"container\" data-e-type=\"container\">\n\t\t\t\t\t<div class=\"e-con-inner\">\n\t\t<div class=\"elementor-element elementor-element-26692fd e-con-full e-flex e-con e-child\" data-id=\"26692fd\" data-element_type=\"container\" data-e-type=\"container\">\n\t\t\t\t<div class=\"elementor-element elementor-element-004bc88 elementor-widget elementor-widget-image\" data-id=\"004bc88\" data-element_type=\"widget\" data-e-type=\"widget\" data-widget_type=\"image.default\">\n\t\t\t\t<div class=\"elementor-widget-container\">\n\t\t\t\t\t\t\t\t\t\t\t\t\t\t\t<img decoding=\"async\" width=\"800\" height=\"534\" src=\"https:\/\/saintremaclestavelot.be\/secondaire\/wp-content\/uploads\/sites\/2\/2025\/12\/Cvisuels-251106-095528-108603COMP-1024x683.webp\" class=\"attachment-large size-large wp-image-9486\" alt=\"Eleve travaillant sur un exercice dans un local de science\" srcset=\"https:\/\/saintremaclestavelot.be\/secondaire\/wp-content\/uploads\/sites\/2\/2025\/12\/Cvisuels-251106-095528-108603COMP-1024x683.webp 1024w, https:\/\/saintremaclestavelot.be\/secondaire\/wp-content\/uploads\/sites\/2\/2025\/12\/Cvisuels-251106-095528-108603COMP-300x200.webp 300w, https:\/\/saintremaclestavelot.be\/secondaire\/wp-content\/uploads\/sites\/2\/2025\/12\/Cvisuels-251106-095528-108603COMP-768x512.webp 768w, https:\/\/saintremaclestavelot.be\/secondaire\/wp-content\/uploads\/sites\/2\/2025\/12\/Cvisuels-251106-095528-108603COMP-1536x1024.webp 1536w, https:\/\/saintremaclestavelot.be\/secondaire\/wp-content\/uploads\/sites\/2\/2025\/12\/Cvisuels-251106-095528-108603COMP-2048x1365.webp 2048w\" sizes=\"(max-width: 800px) 100vw, 800px\" \/>\t\t\t\t\t\t\t\t\t\t\t\t\t\t\t<\/div>\n\t\t\t\t<\/div>\n\t\t\t\t<\/div>\n\t\t<div class=\"elementor-element elementor-element-d732b9e e-con-full e-flex e-con e-child\" data-id=\"d732b9e\" data-element_type=\"container\" data-e-type=\"container\">\n\t\t\t\t<div class=\"elementor-element elementor-element-8a5fd4b elementor-widget elementor-widget-text-editor\" data-id=\"8a5fd4b\" data-element_type=\"widget\" data-e-type=\"widget\" data-widget_type=\"text-editor.default\">\n\t\t\t\t<div class=\"elementor-widget-container\">\n\t\t\t\t\t\t\t\t\t<h3 data-start=\"1919\" data-end=\"1965\">Apprendre en exp\u00e9rimentant et en explorant<\/h3><p data-start=\"1967\" data-end=\"2315\">Pour soutenir un enseignement concret et actif, l\u2019\u00e9tablissement met \u00e0 disposition des \u00e9l\u00e8ves plusieurs espaces d\u00e9di\u00e9s aux sciences et aux disciplines sp\u00e9cifiques.<br data-start=\"2129\" data-end=\"2132\" \/>Ces locaux permettent d\u2019aborder les mati\u00e8res de mani\u00e8re pratique, d\u2019encourager la curiosit\u00e9 et de d\u00e9velopper l\u2019esprit critique \u00e0 travers l\u2019observation, l\u2019exp\u00e9rimentation et l\u2019analyse.<\/p>\t\t\t\t\t\t\t\t<\/div>\n\t\t\t\t<\/div>\n\t\t\t\t<\/div>\n\t\t\t\t\t<\/div>\n\t\t\t\t<\/div>\n\t\t<div class=\"elementor-element elementor-element-3e86dd6 e-flex e-con-boxed e-con e-parent\" data-id=\"3e86dd6\" data-element_type=\"container\" data-e-type=\"container\">\n\t\t\t\t\t<div class=\"e-con-inner\">\n\t\t<div class=\"elementor-element elementor-element-42bfc6c e-con-full e-flex e-con e-child\" data-id=\"42bfc6c\" data-element_type=\"container\" data-e-type=\"container\">\n\t\t\t\t<div class=\"elementor-element elementor-element-eacb554 elementor-widget elementor-widget-text-editor\" data-id=\"eacb554\" data-element_type=\"widget\" data-e-type=\"widget\" data-widget_type=\"text-editor.default\">\n\t\t\t\t<div class=\"elementor-widget-container\">\n\t\t\t\t\t\t\t\t\t<h3 data-start=\"2368\" data-end=\"2424\">Des installations favorisant l\u2019\u00e9quilibre et la sant\u00e9<\/h3><p data-start=\"2426\" data-end=\"2740\">L\u2019\u00e9cole accorde une place importante \u00e0 l\u2019activit\u00e9 physique et au bien-\u00eatre. Les infrastructures sportives permettent aux \u00e9l\u00e8ves de pratiquer r\u00e9guli\u00e8rement une activit\u00e9 physique dans de bonnes conditions.<br data-start=\"2629\" data-end=\"2632\" \/>Ces espaces contribuent \u00e0 l\u2019\u00e9quilibre entre les exigences scolaires, la sant\u00e9 et le d\u00e9veloppement personnel.<\/p>\t\t\t\t\t\t\t\t<\/div>\n\t\t\t\t<\/div>\n\t\t\t\t<\/div>\n\t\t<div class=\"elementor-element elementor-element-634cd76 e-con-full e-flex e-con e-child\" data-id=\"634cd76\" data-element_type=\"container\" data-e-type=\"container\">\n\t\t\t\t<div class=\"elementor-element elementor-element-04ee20b elementor-widget elementor-widget-image\" data-id=\"04ee20b\" data-element_type=\"widget\" data-e-type=\"widget\" data-widget_type=\"image.default\">\n\t\t\t\t<div class=\"elementor-widget-container\">\n\t\t\t\t\t\t\t\t\t\t\t\t\t\t\t<img loading=\"lazy\" decoding=\"async\" width=\"800\" height=\"534\" src=\"https:\/\/saintremaclestavelot.be\/secondaire\/wp-content\/uploads\/sites\/2\/2025\/12\/Cvisuels-251106-122630-209497COMP-1024x683.webp\" class=\"attachment-large size-large wp-image-9490\" alt=\"El\u00e8ve en cours de sport sur ballon de gym\" srcset=\"https:\/\/saintremaclestavelot.be\/secondaire\/wp-content\/uploads\/sites\/2\/2025\/12\/Cvisuels-251106-122630-209497COMP-1024x683.webp 1024w, https:\/\/saintremaclestavelot.be\/secondaire\/wp-content\/uploads\/sites\/2\/2025\/12\/Cvisuels-251106-122630-209497COMP-300x200.webp 300w, https:\/\/saintremaclestavelot.be\/secondaire\/wp-content\/uploads\/sites\/2\/2025\/12\/Cvisuels-251106-122630-209497COMP-768x512.webp 768w, https:\/\/saintremaclestavelot.be\/secondaire\/wp-content\/uploads\/sites\/2\/2025\/12\/Cvisuels-251106-122630-209497COMP-1536x1024.webp 1536w, https:\/\/saintremaclestavelot.be\/secondaire\/wp-content\/uploads\/sites\/2\/2025\/12\/Cvisuels-251106-122630-209497COMP-2048x1365.webp 2048w\" sizes=\"(max-width: 800px) 100vw, 800px\" \/>\t\t\t\t\t\t\t\t\t\t\t\t\t\t\t<\/div>\n\t\t\t\t<\/div>\n\t\t\t\t<\/div>\n\t\t\t\t\t<\/div>\n\t\t\t\t<\/div>\n\t\t<div class=\"elementor-element elementor-element-1d30b44 e-flex e-con-boxed e-con e-parent\" data-id=\"1d30b44\" data-element_type=\"container\" data-e-type=\"container\">\n\t\t\t\t\t<div class=\"e-con-inner\">\n\t\t<div class=\"elementor-element elementor-element-e32ea12 e-con-full e-flex e-con e-child\" data-id=\"e32ea12\" data-element_type=\"container\" data-e-type=\"container\">\n\t\t\t\t<div class=\"elementor-element elementor-element-da98204 elementor-widget elementor-widget-image\" data-id=\"da98204\" data-element_type=\"widget\" data-e-type=\"widget\" data-widget_type=\"image.default\">\n\t\t\t\t<div class=\"elementor-widget-container\">\n\t\t\t\t\t\t\t\t\t\t\t\t\t\t\t<img loading=\"lazy\" decoding=\"async\" width=\"800\" height=\"534\" src=\"https:\/\/saintremaclestavelot.be\/secondaire\/wp-content\/uploads\/sites\/2\/2025\/12\/Cvisuels-251106-084629-209296COMP-1024x683.webp\" class=\"attachment-large size-large wp-image-9488\" alt=\"Fa\u00e7ade du b\u00e2timent r\u00e9nov\u00e9 avec le nom &quot;Centre Scolaire Saint-Remacle&quot;\" srcset=\"https:\/\/saintremaclestavelot.be\/secondaire\/wp-content\/uploads\/sites\/2\/2025\/12\/Cvisuels-251106-084629-209296COMP-1024x683.webp 1024w, https:\/\/saintremaclestavelot.be\/secondaire\/wp-content\/uploads\/sites\/2\/2025\/12\/Cvisuels-251106-084629-209296COMP-300x200.webp 300w, https:\/\/saintremaclestavelot.be\/secondaire\/wp-content\/uploads\/sites\/2\/2025\/12\/Cvisuels-251106-084629-209296COMP-768x512.webp 768w, https:\/\/saintremaclestavelot.be\/secondaire\/wp-content\/uploads\/sites\/2\/2025\/12\/Cvisuels-251106-084629-209296COMP-1536x1024.webp 1536w, https:\/\/saintremaclestavelot.be\/secondaire\/wp-content\/uploads\/sites\/2\/2025\/12\/Cvisuels-251106-084629-209296COMP-2048x1365.webp 2048w\" sizes=\"(max-width: 800px) 100vw, 800px\" \/>\t\t\t\t\t\t\t\t\t\t\t\t\t\t\t<\/div>\n\t\t\t\t<\/div>\n\t\t\t\t<\/div>\n\t\t<div class=\"elementor-element elementor-element-743efa9 e-con-full e-flex e-con e-child\" data-id=\"743efa9\" data-element_type=\"container\" data-e-type=\"container\">\n\t\t\t\t<div class=\"elementor-element elementor-element-c364d8d elementor-widget elementor-widget-text-editor\" data-id=\"c364d8d\" data-element_type=\"widget\" data-e-type=\"widget\" data-widget_type=\"text-editor.default\">\n\t\t\t\t<div class=\"elementor-widget-container\">\n\t\t\t\t\t\t\t\t\t<h3 data-start=\"2791\" data-end=\"2835\">Construire aujourd\u2019hui l\u2019\u00e9cole de demain<\/h3><p data-start=\"2837\" data-end=\"3132\">Le Coll\u00e8ge Saint-Remacle s\u2019inscrit dans une d\u00e9marche d\u2019am\u00e9lioration continue de ses infrastructures et de ses \u00e9quipements p\u00e9dagogiques.<br data-start=\"2972\" data-end=\"2975\" \/>Ces investissements traduisent une volont\u00e9 claire : offrir aux \u00e9l\u00e8ves un environnement \u00e9volutif, capable de s\u2019adapter aux enjeux \u00e9ducatifs actuels et futurs.<\/p>\t\t\t\t\t\t\t\t<\/div>\n\t\t\t\t<\/div>\n\t\t\t\t<\/div>\n\t\t\t\t\t<\/div>\n\t\t\t\t<\/div>\n\t\t<div class=\"elementor-element elementor-element-44f7c54 e-flex e-con-boxed e-con e-parent\" data-id=\"44f7c54\" data-element_type=\"container\" data-e-type=\"container\">\n\t\t\t\t\t<div class=\"e-con-inner\">\n\t\t\t\t<div class=\"elementor-element elementor-element-762d65b elementor-widget__width-initial elementor-view-default elementor-widget elementor-widget-icon\" data-id=\"762d65b\" data-element_type=\"widget\" data-e-type=\"widget\" data-widget_type=\"icon.default\">\n\t\t\t\t<div class=\"elementor-widget-container\">\n\t\t\t\t\t\t\t<div class=\"elementor-icon-wrapper\">\n\t\t\t<div class=\"elementor-icon\">\n\t\t\t<svg aria-hidden=\"true\" class=\"e-font-icon-svg e-far-map\" viewBox=\"0 0 576 512\" xmlns=\"http:\/\/www.w3.org\/2000\/svg\"><path d=\"M560.02 32c-1.96 0-3.98.37-5.96 1.16L384.01 96H384L212 35.28A64.252 64.252 0 0 0 191.76 32c-6.69 0-13.37 1.05-19.81 3.14L20.12 87.95A32.006 32.006 0 0 0 0 117.66v346.32C0 473.17 7.53 480 15.99 480c1.96 0 3.97-.37 5.96-1.16L192 416l172 60.71a63.98 63.98 0 0 0 40.05.15l151.83-52.81A31.996 31.996 0 0 0 576 394.34V48.02c0-9.19-7.53-16.02-15.98-16.02zM224 90.42l128 45.19v285.97l-128-45.19V90.42zM48 418.05V129.07l128-44.53v286.2l-.64.23L48 418.05zm480-35.13l-128 44.53V141.26l.64-.24L528 93.95v288.97z\"><\/path><\/svg>\t\t\t<\/div>\n\t\t<\/div>\n\t\t\t\t\t\t<\/div>\n\t\t\t\t<\/div>\n\t\t<div class=\"elementor-element elementor-element-fe98645 e-con-full e-flex e-con e-child\" data-id=\"fe98645\" data-element_type=\"container\" data-e-type=\"container\">\n\t\t\t\t<div class=\"elementor-element elementor-element-d2c4bb3 elementor-widget elementor-widget-text-editor\" data-id=\"d2c4bb3\" data-element_type=\"widget\" data-e-type=\"widget\" data-widget_type=\"text-editor.default\">\n\t\t\t\t<div class=\"elementor-widget-container\">\n\t\t\t\t\t\t\t\t\t<p>D\u00e9couvrez notre \u00e9cole via <a href=\"https:\/\/saintremaclestavelot.be\/secondaire\/notre-ecole\/visite-aerienne\/\">la visite a\u00e9rienne<\/a><\/p>\t\t\t\t\t\t\t\t<\/div>\n\t\t\t\t<\/div>\n\t\t\t\t<\/div>\n\t\t\t\t\t<\/div>\n\t\t\t\t<\/div>\n\t\t\t\t<\/div>\n\t\t","protected":false},"excerpt":{"rendered":"<p>Un cadre scolaire pens\u00e9 pour apprendre et \u00e9voluer Le Coll\u00e8ge Saint-Remacle de Stavelot propose un environnement scolaire structur\u00e9, moderne et adapt\u00e9 aux besoins des \u00e9l\u00e8ves du secondaire. Les espaces ont \u00e9t\u00e9 repens\u00e9s afin de soutenir les apprentissages, encourager l\u2019engagement et offrir un cadre propice \u00e0 la concentration.L\u2019infrastructure accompagne les pratiques p\u00e9dagogiques actuelles tout en laissant [&hellip;]<\/p>\n","protected":false},"author":1,"featured_media":0,"parent":218,"menu_order":0,"comment_status":"closed","ping_status":"closed","template":"","meta":{"iawp_total_views":142,"footnotes":""},"class_list":["post-9416","page","type-page","status-publish","hentry"],"_links":{"self":[{"href":"https:\/\/saintremaclestavelot.be\/secondaire\/wp-json\/wp\/v2\/pages\/9416","targetHints":{"allow":["GET"]}}],"collection":[{"href":"https:\/\/saintremaclestavelot.be\/secondaire\/wp-json\/wp\/v2\/pages"}],"about":[{"href":"https:\/\/saintremaclestavelot.be\/secondaire\/wp-json\/wp\/v2\/types\/page"}],"author":[{"embeddable":true,"href":"https:\/\/saintremaclestavelot.be\/secondaire\/wp-json\/wp\/v2\/users\/1"}],"replies":[{"embeddable":true,"href":"https:\/\/saintremaclestavelot.be\/secondaire\/wp-json\/wp\/v2\/comments?post=9416"}],"version-history":[{"count":67,"href":"https:\/\/saintremaclestavelot.be\/secondaire\/wp-json\/wp\/v2\/pages\/9416\/revisions"}],"predecessor-version":[{"id":9499,"href":"https:\/\/saintremaclestavelot.be\/secondaire\/wp-json\/wp\/v2\/pages\/9416\/revisions\/9499"}],"up":[{"embeddable":true,"href":"https:\/\/saintremaclestavelot.be\/secondaire\/wp-json\/wp\/v2\/pages\/218"}],"wp:attachment":[{"href":"https:\/\/saintremaclestavelot.be\/secondaire\/wp-json\/wp\/v2\/media?parent=9416"}],"curies":[{"name":"wp","href":"https:\/\/api.w.org\/{rel}","templated":true}]}}