{"id":9075,"date":"2025-08-27T13:19:42","date_gmt":"2025-08-27T11:19:42","guid":{"rendered":"https:\/\/saintremaclestavelot.be\/secondaire\/?page_id=9075"},"modified":"2025-08-27T13:24:22","modified_gmt":"2025-08-27T11:24:22","slug":"mobilite-a-bergisch-gladbach-en-allemagne","status":"publish","type":"page","link":"https:\/\/saintremaclestavelot.be\/secondaire\/erasmus\/mobilite-a-bergisch-gladbach-en-allemagne\/","title":{"rendered":"Mobilit\u00e9 \u00e0 Bergisch Gladbach, en Allemagne"},"content":{"rendered":"\t\t<div data-elementor-type=\"wp-page\" data-elementor-id=\"9075\" class=\"elementor elementor-9075\" data-elementor-post-type=\"page\">\n\t\t\t\t<div class=\"elementor-element elementor-element-0c1eb44 e-flex e-con-boxed e-con e-parent\" data-id=\"0c1eb44\" data-element_type=\"container\" data-e-type=\"container\">\n\t\t\t\t\t<div class=\"e-con-inner\">\n\t\t\t\t<div class=\"elementor-element elementor-element-5458827 elementor-widget elementor-widget-text-editor\" data-id=\"5458827\" data-element_type=\"widget\" data-e-type=\"widget\" data-widget_type=\"text-editor.default\">\n\t\t\t\t<div class=\"elementor-widget-container\">\n\t\t\t\t\t\t\t\t\t<p><em>Un autre groupe d\u2019\u00e9l\u00e8ves a pu participer au s\u00e9jour pr\u00e9vu en Allemagne du 4 au 11 octobre 2024. Cette fois, c\u2019est en train que nos jeunes ont rejoint leurs correspondants\u2026 L\u00e0 aussi, nos \u00e9l\u00e8ves ont \u00e9t\u00e9 accueillis en famille et ont pu d\u00e9couvrir la ville, l\u2019\u00e9cole de nos partenaires et s\u2019enrichir au moyen des activit\u00e9s pr\u00e9vues dans le cadre de notre projet. <\/em><\/p><p><em>Activit\u00e9 artistique sur le th\u00e8me du projet pour se cr\u00e9er un souvenir, jeux de coh\u00e9sion organis\u00e9 par les \u00ab\u00a0parrains\u00a0\u00bb (tradition de notre \u00e9cole partenaire), visite de Cologne et jeu de piste dans la ville, accueil officiel \u00e0 la Mairie de Bergisch Gladbach, organisation d\u2019un grand concours de connaissance sur nos pays au moyen de Kahoot pr\u00e9par\u00e9s \u00e0 l\u2019avance, promenade dans un parc de la ville et d\u00e9gustation de sp\u00e9cialit\u00e9s locales et, enfin, la soir\u00e9e finale organis\u00e9e \u00e0 l\u2019attention de tous nos groupes\u00a0!<\/em><\/p>\t\t\t\t\t\t\t\t<\/div>\n\t\t\t\t<\/div>\n\t\t\t\t<div class=\"elementor-element elementor-element-61cda44 elementor-widget elementor-widget-gallery\" data-id=\"61cda44\" data-element_type=\"widget\" data-e-type=\"widget\" data-settings=\"{&quot;gallery_layout&quot;:&quot;masonry&quot;,&quot;lazyload&quot;:&quot;yes&quot;,&quot;columns&quot;:4,&quot;columns_tablet&quot;:2,&quot;columns_mobile&quot;:1,&quot;gap&quot;:{&quot;unit&quot;:&quot;px&quot;,&quot;size&quot;:10,&quot;sizes&quot;:[]},&quot;gap_tablet&quot;:{&quot;unit&quot;:&quot;px&quot;,&quot;size&quot;:10,&quot;sizes&quot;:[]},&quot;gap_mobile&quot;:{&quot;unit&quot;:&quot;px&quot;,&quot;size&quot;:10,&quot;sizes&quot;:[]},&quot;link_to&quot;:&quot;file&quot;,&quot;overlay_background&quot;:&quot;yes&quot;,&quot;content_hover_animation&quot;:&quot;fade-in&quot;}\" data-widget_type=\"gallery.default\">\n\t\t\t\t<div class=\"elementor-widget-container\">\n\t\t\t\t\t\t\t<div class=\"elementor-gallery__container\">\n\t\t\t\t\t\t\t<a class=\"e-gallery-item elementor-gallery-item elementor-animated-content\" href=\"https:\/\/saintremaclestavelot.be\/secondaire\/wp-content\/uploads\/sites\/2\/2025\/08\/Image11.jpg\" data-elementor-open-lightbox=\"yes\" data-elementor-lightbox-slideshow=\"61cda44\" data-elementor-lightbox-title=\"Image11\" data-e-action-hash=\"#elementor-action%3Aaction%3Dlightbox%26settings%3DeyJpZCI6OTA3NywidXJsIjoiaHR0cHM6XC9cL3NhaW50cmVtYWNsZXN0YXZlbG90LmJlXC9zZWNvbmRhaXJlXC93cC1jb250ZW50XC91cGxvYWRzXC9zaXRlc1wvMlwvMjAyNVwvMDhcL0ltYWdlMTEuanBnIiwic2xpZGVzaG93IjoiNjFjZGE0NCJ9\">\n\t\t\t\t\t<div class=\"e-gallery-image elementor-gallery-item__image\" data-thumbnail=\"https:\/\/saintremaclestavelot.be\/secondaire\/wp-content\/uploads\/sites\/2\/2025\/08\/Image11-300x226.jpg\" data-width=\"300\" data-height=\"226\" aria-label=\"\" role=\"img\" ><\/div>\n\t\t\t\t\t\t\t\t\t\t\t<div class=\"elementor-gallery-item__overlay\"><\/div>\n\t\t\t\t\t\t\t\t\t\t\t\t\t\t<\/a>\n\t\t\t\t\t\t\t<a class=\"e-gallery-item elementor-gallery-item elementor-animated-content\" href=\"https:\/\/saintremaclestavelot.be\/secondaire\/wp-content\/uploads\/sites\/2\/2025\/08\/Image6-1.jpg\" data-elementor-open-lightbox=\"yes\" data-elementor-lightbox-slideshow=\"61cda44\" data-elementor-lightbox-title=\"Image6\" data-e-action-hash=\"#elementor-action%3Aaction%3Dlightbox%26settings%3DeyJpZCI6OTA3OCwidXJsIjoiaHR0cHM6XC9cL3NhaW50cmVtYWNsZXN0YXZlbG90LmJlXC9zZWNvbmRhaXJlXC93cC1jb250ZW50XC91cGxvYWRzXC9zaXRlc1wvMlwvMjAyNVwvMDhcL0ltYWdlNi0xLmpwZyIsInNsaWRlc2hvdyI6IjYxY2RhNDQifQ%3D%3D\">\n\t\t\t\t\t<div class=\"e-gallery-image elementor-gallery-item__image\" data-thumbnail=\"https:\/\/saintremaclestavelot.be\/secondaire\/wp-content\/uploads\/sites\/2\/2025\/08\/Image6-1-300x225.jpg\" data-width=\"300\" data-height=\"225\" aria-label=\"\" role=\"img\" ><\/div>\n\t\t\t\t\t\t\t\t\t\t\t<div class=\"elementor-gallery-item__overlay\"><\/div>\n\t\t\t\t\t\t\t\t\t\t\t\t\t\t<\/a>\n\t\t\t\t\t\t\t<a class=\"e-gallery-item elementor-gallery-item elementor-animated-content\" href=\"https:\/\/saintremaclestavelot.be\/secondaire\/wp-content\/uploads\/sites\/2\/2025\/08\/Image7-1.jpg\" data-elementor-open-lightbox=\"yes\" data-elementor-lightbox-slideshow=\"61cda44\" data-elementor-lightbox-title=\"Image7\" data-e-action-hash=\"#elementor-action%3Aaction%3Dlightbox%26settings%3DeyJpZCI6OTA3OSwidXJsIjoiaHR0cHM6XC9cL3NhaW50cmVtYWNsZXN0YXZlbG90LmJlXC9zZWNvbmRhaXJlXC93cC1jb250ZW50XC91cGxvYWRzXC9zaXRlc1wvMlwvMjAyNVwvMDhcL0ltYWdlNy0xLmpwZyIsInNsaWRlc2hvdyI6IjYxY2RhNDQifQ%3D%3D\">\n\t\t\t\t\t<div class=\"e-gallery-image elementor-gallery-item__image\" data-thumbnail=\"https:\/\/saintremaclestavelot.be\/secondaire\/wp-content\/uploads\/sites\/2\/2025\/08\/Image7-1-300x225.jpg\" data-width=\"300\" data-height=\"225\" aria-label=\"\" role=\"img\" ><\/div>\n\t\t\t\t\t\t\t\t\t\t\t<div class=\"elementor-gallery-item__overlay\"><\/div>\n\t\t\t\t\t\t\t\t\t\t\t\t\t\t<\/a>\n\t\t\t\t\t\t\t<a class=\"e-gallery-item elementor-gallery-item elementor-animated-content\" href=\"https:\/\/saintremaclestavelot.be\/secondaire\/wp-content\/uploads\/sites\/2\/2025\/08\/Image8.jpg\" data-elementor-open-lightbox=\"yes\" data-elementor-lightbox-slideshow=\"61cda44\" data-elementor-lightbox-title=\"Image8\" data-e-action-hash=\"#elementor-action%3Aaction%3Dlightbox%26settings%3DeyJpZCI6OTA4MCwidXJsIjoiaHR0cHM6XC9cL3NhaW50cmVtYWNsZXN0YXZlbG90LmJlXC9zZWNvbmRhaXJlXC93cC1jb250ZW50XC91cGxvYWRzXC9zaXRlc1wvMlwvMjAyNVwvMDhcL0ltYWdlOC5qcGciLCJzbGlkZXNob3ciOiI2MWNkYTQ0In0%3D\">\n\t\t\t\t\t<div class=\"e-gallery-image elementor-gallery-item__image\" data-thumbnail=\"https:\/\/saintremaclestavelot.be\/secondaire\/wp-content\/uploads\/sites\/2\/2025\/08\/Image8-300x225.jpg\" data-width=\"300\" data-height=\"225\" aria-label=\"\" role=\"img\" ><\/div>\n\t\t\t\t\t\t\t\t\t\t\t<div class=\"elementor-gallery-item__overlay\"><\/div>\n\t\t\t\t\t\t\t\t\t\t\t\t\t\t<\/a>\n\t\t\t\t\t\t\t<a class=\"e-gallery-item elementor-gallery-item elementor-animated-content\" href=\"https:\/\/saintremaclestavelot.be\/secondaire\/wp-content\/uploads\/sites\/2\/2025\/08\/Image9.jpg\" data-elementor-open-lightbox=\"yes\" data-elementor-lightbox-slideshow=\"61cda44\" data-elementor-lightbox-title=\"Image9\" data-e-action-hash=\"#elementor-action%3Aaction%3Dlightbox%26settings%3DeyJpZCI6OTA4MSwidXJsIjoiaHR0cHM6XC9cL3NhaW50cmVtYWNsZXN0YXZlbG90LmJlXC9zZWNvbmRhaXJlXC93cC1jb250ZW50XC91cGxvYWRzXC9zaXRlc1wvMlwvMjAyNVwvMDhcL0ltYWdlOS5qcGciLCJzbGlkZXNob3ciOiI2MWNkYTQ0In0%3D\">\n\t\t\t\t\t<div class=\"e-gallery-image elementor-gallery-item__image\" data-thumbnail=\"https:\/\/saintremaclestavelot.be\/secondaire\/wp-content\/uploads\/sites\/2\/2025\/08\/Image9-300x225.jpg\" data-width=\"300\" data-height=\"225\" aria-label=\"\" role=\"img\" ><\/div>\n\t\t\t\t\t\t\t\t\t\t\t<div class=\"elementor-gallery-item__overlay\"><\/div>\n\t\t\t\t\t\t\t\t\t\t\t\t\t\t<\/a>\n\t\t\t\t\t\t\t<a class=\"e-gallery-item elementor-gallery-item elementor-animated-content\" href=\"https:\/\/saintremaclestavelot.be\/secondaire\/wp-content\/uploads\/sites\/2\/2025\/08\/Image10-1.jpg\" data-elementor-open-lightbox=\"yes\" data-elementor-lightbox-slideshow=\"61cda44\" data-elementor-lightbox-title=\"Image10\" data-e-action-hash=\"#elementor-action%3Aaction%3Dlightbox%26settings%3DeyJpZCI6OTA4MiwidXJsIjoiaHR0cHM6XC9cL3NhaW50cmVtYWNsZXN0YXZlbG90LmJlXC9zZWNvbmRhaXJlXC93cC1jb250ZW50XC91cGxvYWRzXC9zaXRlc1wvMlwvMjAyNVwvMDhcL0ltYWdlMTAtMS5qcGciLCJzbGlkZXNob3ciOiI2MWNkYTQ0In0%3D\">\n\t\t\t\t\t<div class=\"e-gallery-image elementor-gallery-item__image\" data-thumbnail=\"https:\/\/saintremaclestavelot.be\/secondaire\/wp-content\/uploads\/sites\/2\/2025\/08\/Image10-1-300x225.jpg\" data-width=\"300\" data-height=\"225\" aria-label=\"\" role=\"img\" ><\/div>\n\t\t\t\t\t\t\t\t\t\t\t<div class=\"elementor-gallery-item__overlay\"><\/div>\n\t\t\t\t\t\t\t\t\t\t\t\t\t\t<\/a>\n\t\t\t\t\t<\/div>\n\t\t\t\t\t<\/div>\n\t\t\t\t<\/div>\n\t\t\t\t<div class=\"elementor-element elementor-element-9992b3a elementor-widget elementor-widget-text-editor\" data-id=\"9992b3a\" data-element_type=\"widget\" data-e-type=\"widget\" data-widget_type=\"text-editor.default\">\n\t\t\t\t<div class=\"elementor-widget-container\">\n\t\t\t\t\t\t\t\t\t<p><em>Ce sont les \u00e9l\u00e8ves qui en parlent le mieux\u2026<\/em><\/p>\t\t\t\t\t\t\t\t<\/div>\n\t\t\t\t<\/div>\n\t\t\t\t<div class=\"elementor-element elementor-element-04db4f4 elementor-widget elementor-widget-text-editor\" data-id=\"04db4f4\" data-element_type=\"widget\" data-e-type=\"widget\" data-widget_type=\"text-editor.default\">\n\t\t\t\t<div class=\"elementor-widget-container\">\n\t\t\t\t\t\t\t\t\t<p><strong>Une semaine Erasmus en Allemagne, c\u2019est quoi\u00a0? <\/strong><\/p><ul><li>La d\u00e9couverte des transports en commun allemands pour le meilleur et pour le pire\u00a0! Un voyage peut se transformer en p\u00e9riple (plus de 6h pour le retour)\u00a0!<\/li><\/ul><ul><li>Faire connaissance avec notre correspondant et sa famille\u2026 La communication entre nous \u00e9tait parfois un peu compliqu\u00e9e mais la famille \u00e9tait tr\u00e8s \u00e0 l\u2019\u00e9coute et nous nous sommes bien d\u00e9brouill\u00e9s (merci Deepl ou google traduction)\u00a0!<\/li><li>La d\u00e9couverte de l\u2019\u00e9cole et de ce qui nous a le plus marqu\u00e9s\u00a0:<\/li><li>Les horaires\u00a0: ils commencent et finissent plus t\u00f4t (8h-15h). Ils avaient 45 minutes de cours avec, \u00e0 chaque fois,5 min de pause durant lesquelles ils mangeaient r\u00e9guli\u00e8rement\u00a0!<\/li><li>L\u2019\u00e9cole avaient des \u00e9normes locaux (mais avec 30 \u00e9l\u00e8ves en classe) avec des tableaux interactifs et des tablettes pour tous (avec peu de contr\u00f4le du prof\u00a0!).<\/li><li>L\u2019\u00e9cole secondaire, chez eux, c\u2019est de 10 \u00e0 18 ans.<\/li><\/ul><ul><li>La cr\u00e9ation de liens d\u2019amiti\u00e9 forts avec les Allemands mais aussi avec les autres correspondants \u00e9trangers (italiens et espagnols) car on avait de nombreuses opportunit\u00e9s de passer des moments hors de l\u2019\u00e9cole ensemble vu que l\u2019on avait fini t\u00f4t (15h).<\/li><li>Un planning fait de diff\u00e9rentes activit\u00e9s (d\u00e9couverte de Cologne, jeux sportifs, Kahoot, balade dans les bois\u2026) et le tout \u00e9tait souvent encadr\u00e9 par des parrains et marraines (= des \u00e9l\u00e8ves plus \u00e2g\u00e9s qui nous coachaient sur ce qu\u2019on allait faire parlant en anglais et parfois en fran\u00e7ais). C\u2019\u00e9tait chouette parce que les profs \u00e9taient moins pr\u00e9sents mais parfois on se sentait un peu seul.<\/li><li>Le top du voyage f\u00fbt une boum qui \u00e9tait organis\u00e9e le dernier jour avec un buffet nourriture pr\u00e9par\u00e9 par les familles d\u2019accueil. Un petit groupe d\u2019\u00e9l\u00e8ves avait pr\u00e9par\u00e9 une playlist avec des chansons italiennes, allemandes, espagnoles, fran\u00e7aises et anglaises pour mettre l\u2019ambiance. Seul point n\u00e9gatif\u00a0: c\u2019\u00e9tait trop court\u00a0!<\/li><\/ul><p><strong>Si nous devions r\u00e9sumer ce voyage\u00a0en quelques mots, on vous dirait : chouette, super, int\u00e9ressant, belle exp\u00e9rience, trop court et si l\u2019occasion se repr\u00e9sente\u2026 on repart\u00a0!!!!<\/strong><\/p><p>Sign\u00e9s\u00a0:<\/p><p>Les\u00a0\u00ab Schtroumpfs \u00bb de Mme Lallemand (alias Lucie G., Lucie T., Ulrik M., Linsay M., Elise G., Ysak H., Benissa I., Owen S., Emma G. et Olivia D.)<\/p><p><em>\u00a0<\/em><\/p>\t\t\t\t\t\t\t\t<\/div>\n\t\t\t\t<\/div>\n\t\t\t\t<div class=\"elementor-element elementor-element-a656869 elementor-widget elementor-widget-template\" data-id=\"a656869\" data-element_type=\"widget\" data-e-type=\"widget\" data-widget_type=\"template.default\">\n\t\t\t\t<div class=\"elementor-widget-container\">\n\t\t\t\t\t\t\t<div class=\"elementor-template\">\n\t\t\t\t\t<div data-elementor-type=\"container\" data-elementor-id=\"9171\" class=\"elementor elementor-9171\" data-elementor-post-type=\"elementor_library\">\n\t\t\t\t<div class=\"elementor-element elementor-element-6c651ad e-flex e-con-boxed e-con e-parent\" data-id=\"6c651ad\" data-element_type=\"container\" data-e-type=\"container\">\n\t\t\t\t\t<div class=\"e-con-inner\">\n\t\t\t\t<div class=\"elementor-element elementor-element-f4dc9b8 elementor-widget elementor-widget-image\" data-id=\"f4dc9b8\" data-element_type=\"widget\" data-e-type=\"widget\" data-widget_type=\"image.default\">\n\t\t\t\t<div class=\"elementor-widget-container\">\n\t\t\t\t\t\t\t\t\t\t\t\t\t\t\t<img decoding=\"async\" width=\"150\" height=\"150\" src=\"https:\/\/saintremaclestavelot.be\/secondaire\/wp-content\/uploads\/sites\/2\/2025\/08\/FR-V-Cofinance-par-lUnion-europeenne_POS-150x150.png\" class=\"attachment-thumbnail size-thumbnail wp-image-9164\" alt=\"\" \/>\t\t\t\t\t\t\t\t\t\t\t\t\t\t\t<\/div>\n\t\t\t\t<\/div>\n\t\t\t\t\t<\/div>\n\t\t\t\t<\/div>\n\t\t\t\t<\/div>\n\t\t\t\t<\/div>\n\t\t\t\t\t\t<\/div>\n\t\t\t\t<\/div>\n\t\t\t\t\t<\/div>\n\t\t\t\t<\/div>\n\t\t\t\t<\/div>\n\t\t","protected":false},"excerpt":{"rendered":"<p>Un autre groupe d\u2019\u00e9l\u00e8ves a pu participer au s\u00e9jour pr\u00e9vu en Allemagne du 4 au 11 octobre 2024. Cette fois, c\u2019est en train que nos jeunes ont rejoint leurs correspondants\u2026 L\u00e0 aussi, nos \u00e9l\u00e8ves ont \u00e9t\u00e9 accueillis en famille et ont pu d\u00e9couvrir la ville, l\u2019\u00e9cole de nos partenaires et s\u2019enrichir au moyen des activit\u00e9s [&hellip;]<\/p>\n","protected":false},"author":1,"featured_media":0,"parent":9162,"menu_order":0,"comment_status":"closed","ping_status":"closed","template":"","meta":{"iawp_total_views":21,"footnotes":""},"class_list":["post-9075","page","type-page","status-publish","hentry"],"_links":{"self":[{"href":"https:\/\/saintremaclestavelot.be\/secondaire\/wp-json\/wp\/v2\/pages\/9075","targetHints":{"allow":["GET"]}}],"collection":[{"href":"https:\/\/saintremaclestavelot.be\/secondaire\/wp-json\/wp\/v2\/pages"}],"about":[{"href":"https:\/\/saintremaclestavelot.be\/secondaire\/wp-json\/wp\/v2\/types\/page"}],"author":[{"embeddable":true,"href":"https:\/\/saintremaclestavelot.be\/secondaire\/wp-json\/wp\/v2\/users\/1"}],"replies":[{"embeddable":true,"href":"https:\/\/saintremaclestavelot.be\/secondaire\/wp-json\/wp\/v2\/comments?post=9075"}],"version-history":[{"count":7,"href":"https:\/\/saintremaclestavelot.be\/secondaire\/wp-json\/wp\/v2\/pages\/9075\/revisions"}],"predecessor-version":[{"id":9183,"href":"https:\/\/saintremaclestavelot.be\/secondaire\/wp-json\/wp\/v2\/pages\/9075\/revisions\/9183"}],"up":[{"embeddable":true,"href":"https:\/\/saintremaclestavelot.be\/secondaire\/wp-json\/wp\/v2\/pages\/9162"}],"wp:attachment":[{"href":"https:\/\/saintremaclestavelot.be\/secondaire\/wp-json\/wp\/v2\/media?parent=9075"}],"curies":[{"name":"wp","href":"https:\/\/api.w.org\/{rel}","templated":true}]}}