{"id":318,"date":"2024-05-14T11:32:10","date_gmt":"2024-05-14T09:32:10","guid":{"rendered":"https:\/\/dev.cssr.be\/secondaire\/?page_id=318"},"modified":"2025-01-13T14:41:09","modified_gmt":"2025-01-13T13:41:09","slug":"projet-educatif-et-pedagogique","status":"publish","type":"page","link":"https:\/\/saintremaclestavelot.be\/secondaire\/notre-ecole\/projets\/projet-educatif-et-pedagogique\/","title":{"rendered":"Project \u00e9ducatif et p\u00e9dagogique"},"content":{"rendered":"\t\t<div data-elementor-type=\"wp-page\" data-elementor-id=\"318\" class=\"elementor elementor-318\" data-elementor-post-type=\"page\">\n\t\t\t\t<div class=\"elementor-element elementor-element-80675fe e-flex e-con-boxed e-con e-parent\" data-id=\"80675fe\" data-element_type=\"container\" data-e-type=\"container\">\n\t\t\t\t\t<div class=\"e-con-inner\">\n\t\t\t\t<div class=\"elementor-element elementor-element-78324aa elementor-widget elementor-widget-spacer\" data-id=\"78324aa\" data-element_type=\"widget\" data-e-type=\"widget\" data-widget_type=\"spacer.default\">\n\t\t\t\t<div class=\"elementor-widget-container\">\n\t\t\t\t\t\t\t<div class=\"elementor-spacer\">\n\t\t\t<div class=\"elementor-spacer-inner\"><\/div>\n\t\t<\/div>\n\t\t\t\t\t\t<\/div>\n\t\t\t\t<\/div>\n\t\t\t\t<div class=\"elementor-element elementor-element-d5ddf36 elementor-widget elementor-widget-heading\" data-id=\"d5ddf36\" data-element_type=\"widget\" data-e-type=\"widget\" data-widget_type=\"heading.default\">\n\t\t\t\t<div class=\"elementor-widget-container\">\n\t\t\t\t\t<h1 class=\"elementor-heading-title elementor-size-default\">PROJET \u00c9DUCATIF ET P\u00c9DAGOGIQUE<\/h1>\t\t\t\t<\/div>\n\t\t\t\t<\/div>\n\t\t\t\t\t<\/div>\n\t\t\t\t<\/div>\n\t\t<div class=\"elementor-element elementor-element-36da55d e-flex e-con-boxed e-con e-parent\" data-id=\"36da55d\" data-element_type=\"container\" data-e-type=\"container\">\n\t\t\t\t\t<div class=\"e-con-inner\">\n\t\t<div class=\"elementor-element elementor-element-531cc98 e-con-full e-flex e-con e-child\" data-id=\"531cc98\" data-element_type=\"container\" data-e-type=\"container\">\n\t\t\t\t<div class=\"elementor-element elementor-element-9fee29a elementor-widget elementor-widget-heading\" data-id=\"9fee29a\" data-element_type=\"widget\" data-e-type=\"widget\" data-widget_type=\"heading.default\">\n\t\t\t\t<div class=\"elementor-widget-container\">\n\t\t\t\t\t<h2 class=\"elementor-heading-title elementor-size-default\">NOTRE PROJET \u00c9DUCATIF<\/h2>\t\t\t\t<\/div>\n\t\t\t\t<\/div>\n\t\t\t\t<div class=\"elementor-element elementor-element-f45f6a6 elementor-widget elementor-widget-text-editor\" data-id=\"f45f6a6\" data-element_type=\"widget\" data-e-type=\"widget\" data-widget_type=\"text-editor.default\">\n\t\t\t\t<div class=\"elementor-widget-container\">\n\t\t\t\t\t\t\t\t\t<p>Le Centre Scolaire Saint-Remacle de Stavelot assure depuis plus de 150 ans une formation humaniste aupr\u00e8s des jeunes de la Haute Ardenne. Il a fait l&rsquo;objet d&rsquo;un programme de r\u00e9novation important et innovant finalis\u00e9 en 2004, lui permettant ainsi de r\u00e9pondre aux d\u00e9fis de l&rsquo;\u00e9cole de demain et des nouvelles technologies.<\/p><p>Situ\u00e9 en zone rurale, Saint Remacle accueile des jeunes de la Maternelle \u00e0 la Rh\u00e9to dans un cadre agr\u00e9able et familial propice aux \u00e9changes, aux rencontres et aux d\u00e9couvertes<\/p>\t\t\t\t\t\t\t\t<\/div>\n\t\t\t\t<\/div>\n\t\t\t\t<\/div>\n\t\t<div class=\"elementor-element elementor-element-a919fb9 e-con-full e-flex e-con e-child\" data-id=\"a919fb9\" data-element_type=\"container\" data-e-type=\"container\">\n\t\t\t\t<div class=\"elementor-element elementor-element-4359117 elementor-widget elementor-widget-image\" data-id=\"4359117\" data-element_type=\"widget\" data-e-type=\"widget\" data-widget_type=\"image.default\">\n\t\t\t\t<div class=\"elementor-widget-container\">\n\t\t\t\t\t\t\t\t\t\t\t\t\t\t\t<img fetchpriority=\"high\" decoding=\"async\" width=\"800\" height=\"534\" src=\"https:\/\/saintremaclestavelot.be\/secondaire\/wp-content\/uploads\/sites\/2\/2024\/05\/cvisuels-211021-111645-AP208630-1024x683.jpg\" class=\"attachment-large size-large wp-image-61\" alt=\"\" srcset=\"https:\/\/saintremaclestavelot.be\/secondaire\/wp-content\/uploads\/sites\/2\/2024\/05\/cvisuels-211021-111645-AP208630-1024x683.jpg 1024w, https:\/\/saintremaclestavelot.be\/secondaire\/wp-content\/uploads\/sites\/2\/2024\/05\/cvisuels-211021-111645-AP208630-300x200.jpg 300w, https:\/\/saintremaclestavelot.be\/secondaire\/wp-content\/uploads\/sites\/2\/2024\/05\/cvisuels-211021-111645-AP208630-768x512.jpg 768w, https:\/\/saintremaclestavelot.be\/secondaire\/wp-content\/uploads\/sites\/2\/2024\/05\/cvisuels-211021-111645-AP208630-1536x1024.jpg 1536w, https:\/\/saintremaclestavelot.be\/secondaire\/wp-content\/uploads\/sites\/2\/2024\/05\/cvisuels-211021-111645-AP208630-2048x1365.jpg 2048w\" sizes=\"(max-width: 800px) 100vw, 800px\" \/>\t\t\t\t\t\t\t\t\t\t\t\t\t\t\t<\/div>\n\t\t\t\t<\/div>\n\t\t\t\t<\/div>\n\t\t<div class=\"elementor-element elementor-element-601a2f3 e-con-full e-flex e-con e-child\" data-id=\"601a2f3\" data-element_type=\"container\" data-e-type=\"container\">\n\t\t\t\t<div class=\"elementor-element elementor-element-2b99674 elementor-widget elementor-widget-image\" data-id=\"2b99674\" data-element_type=\"widget\" data-e-type=\"widget\" data-widget_type=\"image.default\">\n\t\t\t\t<div class=\"elementor-widget-container\">\n\t\t\t\t\t\t\t\t\t\t\t\t\t\t\t<img decoding=\"async\" width=\"800\" height=\"534\" src=\"https:\/\/saintremaclestavelot.be\/secondaire\/wp-content\/uploads\/sites\/2\/2024\/05\/cvisuels-211122-134036-C00036-Colege-Saint-Remacle-Clients-AP200572-1024x683.jpg\" class=\"attachment-large size-large wp-image-56\" alt=\"\" srcset=\"https:\/\/saintremaclestavelot.be\/secondaire\/wp-content\/uploads\/sites\/2\/2024\/05\/cvisuels-211122-134036-C00036-Colege-Saint-Remacle-Clients-AP200572-1024x683.jpg 1024w, https:\/\/saintremaclestavelot.be\/secondaire\/wp-content\/uploads\/sites\/2\/2024\/05\/cvisuels-211122-134036-C00036-Colege-Saint-Remacle-Clients-AP200572-300x200.jpg 300w, https:\/\/saintremaclestavelot.be\/secondaire\/wp-content\/uploads\/sites\/2\/2024\/05\/cvisuels-211122-134036-C00036-Colege-Saint-Remacle-Clients-AP200572-768x512.jpg 768w, https:\/\/saintremaclestavelot.be\/secondaire\/wp-content\/uploads\/sites\/2\/2024\/05\/cvisuels-211122-134036-C00036-Colege-Saint-Remacle-Clients-AP200572-1536x1024.jpg 1536w, https:\/\/saintremaclestavelot.be\/secondaire\/wp-content\/uploads\/sites\/2\/2024\/05\/cvisuels-211122-134036-C00036-Colege-Saint-Remacle-Clients-AP200572-2048x1365.jpg 2048w\" sizes=\"(max-width: 800px) 100vw, 800px\" \/>\t\t\t\t\t\t\t\t\t\t\t\t\t\t\t<\/div>\n\t\t\t\t<\/div>\n\t\t\t\t<\/div>\n\t\t<div class=\"elementor-element elementor-element-37ce8df e-con-full e-flex e-con e-child\" data-id=\"37ce8df\" data-element_type=\"container\" data-e-type=\"container\">\n\t\t\t\t<div class=\"elementor-element elementor-element-3ca5998 elementor-widget elementor-widget-image\" data-id=\"3ca5998\" data-element_type=\"widget\" data-e-type=\"widget\" data-widget_type=\"image.default\">\n\t\t\t\t<div class=\"elementor-widget-container\">\n\t\t\t\t\t\t\t\t\t\t\t\t\t\t\t<img decoding=\"async\" width=\"800\" height=\"534\" src=\"https:\/\/saintremaclestavelot.be\/secondaire\/wp-content\/uploads\/sites\/2\/2024\/05\/cvisuels-211122-145206-C00036-Colege-Saint-Remacle-Clients-AP200628-1024x683.jpg\" class=\"attachment-large size-large wp-image-58\" alt=\"\" srcset=\"https:\/\/saintremaclestavelot.be\/secondaire\/wp-content\/uploads\/sites\/2\/2024\/05\/cvisuels-211122-145206-C00036-Colege-Saint-Remacle-Clients-AP200628-1024x683.jpg 1024w, https:\/\/saintremaclestavelot.be\/secondaire\/wp-content\/uploads\/sites\/2\/2024\/05\/cvisuels-211122-145206-C00036-Colege-Saint-Remacle-Clients-AP200628-300x200.jpg 300w, https:\/\/saintremaclestavelot.be\/secondaire\/wp-content\/uploads\/sites\/2\/2024\/05\/cvisuels-211122-145206-C00036-Colege-Saint-Remacle-Clients-AP200628-768x512.jpg 768w, https:\/\/saintremaclestavelot.be\/secondaire\/wp-content\/uploads\/sites\/2\/2024\/05\/cvisuels-211122-145206-C00036-Colege-Saint-Remacle-Clients-AP200628-1536x1024.jpg 1536w, https:\/\/saintremaclestavelot.be\/secondaire\/wp-content\/uploads\/sites\/2\/2024\/05\/cvisuels-211122-145206-C00036-Colege-Saint-Remacle-Clients-AP200628-2048x1365.jpg 2048w\" sizes=\"(max-width: 800px) 100vw, 800px\" \/>\t\t\t\t\t\t\t\t\t\t\t\t\t\t\t<\/div>\n\t\t\t\t<\/div>\n\t\t\t\t<\/div>\n\t\t\t\t\t<\/div>\n\t\t\t\t<\/div>\n\t\t<div class=\"elementor-element elementor-element-e770a67 e-flex e-con-boxed e-con e-parent\" data-id=\"e770a67\" data-element_type=\"container\" data-e-type=\"container\">\n\t\t\t\t\t<div class=\"e-con-inner\">\n\t\t\t\t<div class=\"elementor-element elementor-element-02d45db elementor-widget elementor-widget-heading\" data-id=\"02d45db\" data-element_type=\"widget\" data-e-type=\"widget\" data-widget_type=\"heading.default\">\n\t\t\t\t<div class=\"elementor-widget-container\">\n\t\t\t\t\t<h2 class=\"elementor-heading-title elementor-size-default\">Nos valeurs<\/h2>\t\t\t\t<\/div>\n\t\t\t\t<\/div>\n\t\t\t\t<div class=\"elementor-element elementor-element-7d8a082 elementor-widget elementor-widget-text-editor\" data-id=\"7d8a082\" data-element_type=\"widget\" data-e-type=\"widget\" data-widget_type=\"text-editor.default\">\n\t\t\t\t<div class=\"elementor-widget-container\">\n\t\t\t\t\t\t\t\t\t<p>L\u2019\u00e9quipe \u00e9ducative du Centre Scolaire Saint Remacle, consciente du r\u00f4le qu\u2019elle joue dans la formation des jeunes qui lui sont confi\u00e9s, veut aider ceux-ci \u00e0 se r\u00e9aliser pleinement tant intellectuellement, physiquement, socialement que spirituellement. Dans cette derni\u00e8re perspective, le projet \u00e9ducatif de Saint Remacle s\u2019appuie sur les valeurs humaines et \u00e9vang\u00e9liques promues par le Secr\u00e9tariat G\u00e9n\u00e9ral de l\u2019Enseignement Catholique dans son document \u00ab Missions de l\u2019Ecole Chr\u00e9tienne \u00bb Saint Remacle veut accueillir chaque \u00e9l\u00e8ve avec ses capacit\u00e9s et ses limites et l\u2019encourager \u00e0 aller jusqu\u2019au bout de ses possibilit\u00e9s, lui apprendre le sens de l\u2019effort et de la pers\u00e9v\u00e9rance dans le travail. Chaque \u00e9l\u00e8ve a droit \u00e0 un regard bienveillant et \u00e0 une attention particuli\u00e8re, il est encourag\u00e9, il est respect\u00e9 dans ses erreurs comme dans ses succ\u00e8s.<\/p>\t\t\t\t\t\t\t\t<\/div>\n\t\t\t\t<\/div>\n\t\t\t\t<div class=\"elementor-element elementor-element-ec9dca8 elementor-blockquote--skin-border elementor-widget elementor-widget-blockquote\" data-id=\"ec9dca8\" data-element_type=\"widget\" data-e-type=\"widget\" data-widget_type=\"blockquote.default\">\n\t\t\t\t<div class=\"elementor-widget-container\">\n\t\t\t\t\t\t\t<blockquote class=\"elementor-blockquote\">\n\t\t\t<p class=\"elementor-blockquote__content\">\n\t\t\t\t\"La rigueur intellectuelle n\u2019est rien d\u2019autre que la passion de la v\u00e9rit\u00e9.\"\t\t\t<\/p>\n\t\t\t\t\t\t\t<div class=\"e-q-footer\">\n\t\t\t\t\t\t\t\t\t\t\t<cite class=\"elementor-blockquote__author\">ANDR\u00c9 FOSSION<\/cite>\n\t\t\t\t\t\t\t\t\t\t\t\t\t\t<\/div>\n\t\t\t\t\t<\/blockquote>\n\t\t\t\t\t\t<\/div>\n\t\t\t\t<\/div>\n\t\t\t\t<div class=\"elementor-element elementor-element-71cf8de elementor-widget elementor-widget-text-editor\" data-id=\"71cf8de\" data-element_type=\"widget\" data-e-type=\"widget\" data-widget_type=\"text-editor.default\">\n\t\t\t\t<div class=\"elementor-widget-container\">\n\t\t\t\t\t\t\t\t\t<p>Saint Remacle se veut \u00eatre une communaut\u00e9 de vie dans laquelle les relations entre toutes les composantes sont fond\u00e9es sur le respect, l\u2019\u00e9change, la responsabilit\u00e9, dans laquelle chacun est appel\u00e9 \u00e0 vivre les valeurs \u00e9vang\u00e9liques. L\u2019\u00e9cole veut donc promouvoir le respect de soi et de l\u2019autre, la tol\u00e9rance, la justice, l\u2019int\u00e9riorit\u00e9, la cr\u00e9ativit\u00e9, \u00e9veiller au sens du beau et de l\u2019\u00e9merveillement.<\/p>\t\t\t\t\t\t\t\t<\/div>\n\t\t\t\t<\/div>\n\t\t\t\t<div class=\"elementor-element elementor-element-5ec7a88 elementor-blockquote--skin-border elementor-widget elementor-widget-blockquote\" data-id=\"5ec7a88\" data-element_type=\"widget\" data-e-type=\"widget\" data-widget_type=\"blockquote.default\">\n\t\t\t\t<div class=\"elementor-widget-container\">\n\t\t\t\t\t\t\t<blockquote class=\"elementor-blockquote\">\n\t\t\t<p class=\"elementor-blockquote__content\">\n\t\t\t\t\"Ce ne sont pas les pierres qui b\u00e2tissent la maison, mais les h\u00f4tes.\"\t\t\t<\/p>\n\t\t\t\t\t\t\t<div class=\"e-q-footer\">\n\t\t\t\t\t\t\t\t\t\t\t<cite class=\"elementor-blockquote__author\">Proverbe Hindi<\/cite>\n\t\t\t\t\t\t\t\t\t\t\t\t\t\t<\/div>\n\t\t\t\t\t<\/blockquote>\n\t\t\t\t\t\t<\/div>\n\t\t\t\t<\/div>\n\t\t\t\t<div class=\"elementor-element elementor-element-2921496 elementor-widget elementor-widget-text-editor\" data-id=\"2921496\" data-element_type=\"widget\" data-e-type=\"widget\" data-widget_type=\"text-editor.default\">\n\t\t\t\t<div class=\"elementor-widget-container\">\n\t\t\t\t\t\t\t\t\t<p>Dans cette perspective, l\u2019\u00e9cole veut \u00e9veiller \u00e0 une conscience de citoyen responsable par l\u2019apprentissage du dialogue, du pardon, de la solidarit\u00e9, du service et de l\u2019engagement. Une attention particuli\u00e8re sera accord\u00e9e \u00e0 la qualit\u00e9 de la communication entre les diff\u00e9rents membres de la communaut\u00e9 scolaire. Chaque membre de cette communaut\u00e9 se veut ouvert au progr\u00e8s et au changement.<\/p>\t\t\t\t\t\t\t\t<\/div>\n\t\t\t\t<\/div>\n\t\t\t\t<div class=\"elementor-element elementor-element-4744d4e elementor-blockquote--skin-border elementor-widget elementor-widget-blockquote\" data-id=\"4744d4e\" data-element_type=\"widget\" data-e-type=\"widget\" data-widget_type=\"blockquote.default\">\n\t\t\t\t<div class=\"elementor-widget-container\">\n\t\t\t\t\t\t\t<blockquote class=\"elementor-blockquote\">\n\t\t\t<p class=\"elementor-blockquote__content\">\n\t\t\t\t\"Le ma\u00eetre, le vrai, n\u2019est pas un magicien, mais un musicien. Il n\u2019est pas un vendeur de sens, mais un chercheur de route.\"\t\t\t<\/p>\n\t\t\t\t\t\t\t<div class=\"e-q-footer\">\n\t\t\t\t\t\t\t\t\t\t\t<cite class=\"elementor-blockquote__author\">GABRIEL RINGLET<\/cite>\n\t\t\t\t\t\t\t\t\t\t\t\t\t\t<\/div>\n\t\t\t\t\t<\/blockquote>\n\t\t\t\t\t\t<\/div>\n\t\t\t\t<\/div>\n\t\t\t\t\t<\/div>\n\t\t\t\t<\/div>\n\t\t<div class=\"elementor-element elementor-element-3a9982f e-flex e-con-boxed e-con e-parent\" data-id=\"3a9982f\" data-element_type=\"container\" data-e-type=\"container\">\n\t\t\t\t\t<div class=\"e-con-inner\">\n\t\t<div class=\"elementor-element elementor-element-e2b19da e-flex e-con-boxed e-con e-child\" data-id=\"e2b19da\" data-element_type=\"container\" data-e-type=\"container\">\n\t\t\t\t\t<div class=\"e-con-inner\">\n\t\t\t\t<div class=\"elementor-element elementor-element-b63da30 elementor-widget elementor-widget-heading\" data-id=\"b63da30\" data-element_type=\"widget\" data-e-type=\"widget\" data-widget_type=\"heading.default\">\n\t\t\t\t<div class=\"elementor-widget-container\">\n\t\t\t\t\t<h2 class=\"elementor-heading-title elementor-size-default\">Notre projet p\u00e9dagogique<\/h2>\t\t\t\t<\/div>\n\t\t\t\t<\/div>\n\t\t\t\t\t<\/div>\n\t\t\t\t<\/div>\n\t\t<div class=\"elementor-element elementor-element-391de4f e-flex e-con-boxed e-con e-child\" data-id=\"391de4f\" data-element_type=\"container\" data-e-type=\"container\">\n\t\t\t\t\t<div class=\"e-con-inner\">\n\t\t<div class=\"elementor-element elementor-element-2a29278 e-flex e-con-boxed e-con e-child\" data-id=\"2a29278\" data-element_type=\"container\" data-e-type=\"container\">\n\t\t\t\t\t<div class=\"e-con-inner\">\n\t\t\t\t<div class=\"elementor-element elementor-element-535394e elementor-widget elementor-widget-text-editor\" data-id=\"535394e\" data-element_type=\"widget\" data-e-type=\"widget\" data-widget_type=\"text-editor.default\">\n\t\t\t\t<div class=\"elementor-widget-container\">\n\t\t\t\t\t\t\t\t\t<p>Le projet p\u00e9dagogique a pour but d\u2019atteindre les objectifs exprim\u00e9s dans le projet \u00e9ducatif, dans le projet \u00ab Missions de l\u2019\u00e9cole chr\u00e9tienne \u00bb et dans le d\u00e9cret \u00ab Missions art.6 \u00bb.<\/p><p>Il peut s\u2019articuler autour de 6 axes :<\/p>\t\t\t\t\t\t\t\t<\/div>\n\t\t\t\t<\/div>\n\t\t\t\t\t<\/div>\n\t\t\t\t<\/div>\n\t\t<div class=\"elementor-element elementor-element-a492d36 e-flex e-con-boxed e-con e-child\" data-id=\"a492d36\" data-element_type=\"container\" data-e-type=\"container\">\n\t\t\t\t\t<div class=\"e-con-inner\">\n\t\t\t\t<div class=\"elementor-element elementor-element-20b38fc elementor-widget elementor-widget-heading\" data-id=\"20b38fc\" data-element_type=\"widget\" data-e-type=\"widget\" data-widget_type=\"heading.default\">\n\t\t\t\t<div class=\"elementor-widget-container\">\n\t\t\t\t\t<h3 class=\"elementor-heading-title elementor-size-default\">1. S\u2019enrichir de la diversit\u00e9 des autres (socle culturel commun essentiel au \u00ab vivre ensemble \u00bb)<\/h3>\t\t\t\t<\/div>\n\t\t\t\t<\/div>\n\t\t\t\t<div class=\"elementor-element elementor-element-8c3ca89 elementor-widget elementor-widget-text-editor\" data-id=\"8c3ca89\" data-element_type=\"widget\" data-e-type=\"widget\" data-widget_type=\"text-editor.default\">\n\t\t\t\t<div class=\"elementor-widget-container\">\n\t\t\t\t\t\t\t\t\t<p>Notre \u00e9cole se veut d\u2019abord un lieu o\u00f9 les jeunes et les adultes d\u00e9couvrent leur diversit\u00e9 sociale et culturelle comme une richesse \u00e0 exploiter pour grandir ensemble. Des moments et des lieux d\u2019accueil sont g\u00e9r\u00e9s en commun de fa\u00e7on \u00e0 valoriser l\u2019expression de cette diversit\u00e9. Les diff\u00e9rentes sensibilit\u00e9s et les rep\u00e8res affectifs, culturels et cognitifs propres \u00e0 chacun sont mis en valeur \u00e0 travers diverses activit\u00e9s. Le souci de comprendre l\u2019autre et de se faire comprendre traverse toutes les actions et d\u00e9marches v\u00e9cues, cela, en coh\u00e9rence avec l\u2019esprit de l\u2019 Evangile. Les jeunes et les adultes approfondissent la construction de leur dimension sociale. Ils assument les conflits inh\u00e9rents \u00e0 la vie de groupe. En apprenant la r\u00e9alit\u00e9 de la vie, ils apprennent aussi leur r\u00f4le de citoyens responsables.<\/p>\t\t\t\t\t\t\t\t<\/div>\n\t\t\t\t<\/div>\n\t\t\t\t\t<\/div>\n\t\t\t\t<\/div>\n\t\t<div class=\"elementor-element elementor-element-b611802 e-flex e-con-boxed e-con e-child\" data-id=\"b611802\" data-element_type=\"container\" data-e-type=\"container\">\n\t\t\t\t\t<div class=\"e-con-inner\">\n\t\t\t\t<div class=\"elementor-element elementor-element-433e6ed elementor-widget elementor-widget-heading\" data-id=\"433e6ed\" data-element_type=\"widget\" data-e-type=\"widget\" data-widget_type=\"heading.default\">\n\t\t\t\t<div class=\"elementor-widget-container\">\n\t\t\t\t\t<h3 class=\"elementor-heading-title elementor-size-default\">2. Construire du sens<\/h3>\t\t\t\t<\/div>\n\t\t\t\t<\/div>\n\t\t\t\t<div class=\"elementor-element elementor-element-0aa035f elementor-widget elementor-widget-text-editor\" data-id=\"0aa035f\" data-element_type=\"widget\" data-e-type=\"widget\" data-widget_type=\"text-editor.default\">\n\t\t\t\t<div class=\"elementor-widget-container\">\n\t\t\t\t\t\t\t\t\t<p>Nous consid\u00e9rons l\u2019\u00e9l\u00e8ve dans sa globalit\u00e9 (affective, cognitive, motrice, artistique, spirituelle) avec sa t\u00eate mais aussi son corps et son coeur. L\u2019\u00e9ducation s\u2019adresse \u00e0 la personnalit\u00e9 toute enti\u00e8re du jeune. Autant que faire se peut, l\u2019enseignement des savoirs, savoir-faire, savoir-\u00eatre se vivra en interaction entre les diff\u00e9rentes disciplines afin de donner du sens aux apprentissages.<\/p><p>Le jeune prend une place centrale et active dans son propre apprentissage. Il est plac\u00e9 en situation o\u00f9 il doit se mettre en recherche en recourant \u00e0 ce qu\u2019il sait d\u00e9j\u00e0, \u00e0 ce qu\u2019il sait faire mais aussi aux savoirs des autres. Les essais et erreurs font partie de la d\u00e9marche p\u00e9dagogique. L\u2019erreur n\u2019est pas p\u00e9nalisante. L\u2019\u00e9l\u00e8ve se met en recherche, prend des initiatives et des responsabilit\u00e9s. Le jeune d\u00e9veloppe son intuition et sa cr\u00e9ativit\u00e9 pour construire une solution.<\/p><p>Cette p\u00e9dagogie motive, stimule, replace les apprentissages dans des situations qui permettent aux jeunes de leur donner du sens et d\u2019appr\u00e9hender notre propre culture (travail bien fait, sens de l\u2019effort\u2026), et ce, dans le respect des programmes valid\u00e9s par le pouvoir subsidiant.<\/p><p>N\u00e9anmoins, en mati\u00e8re d\u2019accompagnement p\u00e9dagogique, il n\u2019existe pas une seule bonne strat\u00e9gie. Nous veillons \u00e0 d\u00e9velopper des strat\u00e9gies efficaces et vari\u00e9es. L\u2019organisation des apprentissages peut se concevoir selon des modalit\u00e9s diff\u00e9rentes, partant du complexe vers le simple et vice-versa. L\u2019essentiel est que les \u00e9l\u00e8ves trouvent tant la ma\u00eetrise des savoirs, des savoir-faire que sa capacit\u00e9 \u00e0 les mettre en lien.<\/p>\t\t\t\t\t\t\t\t<\/div>\n\t\t\t\t<\/div>\n\t\t\t\t\t<\/div>\n\t\t\t\t<\/div>\n\t\t<div class=\"elementor-element elementor-element-1a814db e-flex e-con-boxed e-con e-child\" data-id=\"1a814db\" data-element_type=\"container\" data-e-type=\"container\">\n\t\t\t\t\t<div class=\"e-con-inner\">\n\t\t\t\t<div class=\"elementor-element elementor-element-f8fd199 elementor-widget elementor-widget-heading\" data-id=\"f8fd199\" data-element_type=\"widget\" data-e-type=\"widget\" data-widget_type=\"heading.default\">\n\t\t\t\t<div class=\"elementor-widget-container\">\n\t\t\t\t\t<h3 class=\"elementor-heading-title elementor-size-default\">3. Pratiquer la diff\u00e9renciation<\/h3>\t\t\t\t<\/div>\n\t\t\t\t<\/div>\n\t\t\t\t<div class=\"elementor-element elementor-element-2175c38 elementor-widget elementor-widget-text-editor\" data-id=\"2175c38\" data-element_type=\"widget\" data-e-type=\"widget\" data-widget_type=\"text-editor.default\">\n\t\t\t\t<div class=\"elementor-widget-container\">\n\t\t\t\t\t\t\t\t\t<p>Tous les jeunes sont diff\u00e9rents. Chacun a sa fa\u00e7on d\u2019entrer dans l\u2019apprentissage propos\u00e9, d\u2019y r\u00e9agir selon sa personnalit\u00e9, son rythme, sa culture. Chaque \u00e9l\u00e8ve appr\u00e9hende les choses de mani\u00e8re sp\u00e9cifique. Devant cette diversit\u00e9, il est important que les approches p\u00e9dagogiques soient diff\u00e9renci\u00e9es, qu\u2019elles impliquent tour \u00e0 tour les diff\u00e9rents sens, qu\u2019elles varient les supports, les types d\u2019appr\u00e9hension et d\u2019expression.<\/p><p>Cette prise en compte de chacun n\u2019est pas sans limite et le degr\u00e9 d\u2019h\u00e9t\u00e9rog\u00e9n\u00e9it\u00e9 soutenable p\u00e9dagogiquement n\u2019est pas infini. Il y a donc un n\u00e9cessaire et difficile compromis \u00e0 trouver entre la prise en compte des individualit\u00e9s et du collectif-classe et ne pas perdre de vue l\u2019acquisition des comp\u00e9tences requises.<\/p>\t\t\t\t\t\t\t\t<\/div>\n\t\t\t\t<\/div>\n\t\t\t\t\t<\/div>\n\t\t\t\t<\/div>\n\t\t<div class=\"elementor-element elementor-element-5ec9e91 e-flex e-con-boxed e-con e-child\" data-id=\"5ec9e91\" data-element_type=\"container\" data-e-type=\"container\">\n\t\t\t\t\t<div class=\"e-con-inner\">\n\t\t\t\t<div class=\"elementor-element elementor-element-1845855 elementor-widget elementor-widget-heading\" data-id=\"1845855\" data-element_type=\"widget\" data-e-type=\"widget\" data-widget_type=\"heading.default\">\n\t\t\t\t<div class=\"elementor-widget-container\">\n\t\t\t\t\t<h3 class=\"elementor-heading-title elementor-size-default\">4. Pratiquer l\u2019\u00e9valuation formative<\/h3>\t\t\t\t<\/div>\n\t\t\t\t<\/div>\n\t\t\t\t<div class=\"elementor-element elementor-element-5aebf63 elementor-widget elementor-widget-text-editor\" data-id=\"5aebf63\" data-element_type=\"widget\" data-e-type=\"widget\" data-widget_type=\"text-editor.default\">\n\t\t\t\t<div class=\"elementor-widget-container\">\n\t\t\t\t\t\t\t\t\t<p>Dans les diff\u00e9rentes t\u00e2ches propos\u00e9es aux \u00e9l\u00e8ves, chaque erreur est une indication importante \u00e0 relever par l\u2019enseignant. Elle r\u00e9v\u00e8le l\u2019acquisition ou non d\u2019un savoir ou d\u2019un savoir-faire. L\u2019erreur exprime la repr\u00e9sentation personnelle de l\u2019\u00e9l\u00e8ve. La confrontation des repr\u00e9sentations multiples des \u00e9l\u00e8ves permet l\u2019ajustement utile pour chacun d\u2019eux.<\/p><p>A l\u2019\u00e9cole, l\u2019\u00e9l\u00e8ve n\u2019apprend pas pour \u00eatre \u00e9valu\u00e9, mais l\u2019\u00e9valuation de ce qu\u2019il produit est n\u00e9cessaire, afin d\u2019organiser, pour lui, les s\u00e9quences les plus appropri\u00e9es. C\u2019est la raison d\u2019\u00eatre des rem\u00e9diations ou des PIA (Plans Individuels d\u2019Apprentissage). Evaluer le travail produit par un \u00e9l\u00e8ve consiste \u00e0 pr\u00e9lever des indications pertinentes pour l\u2019aider \u00e0 am\u00e9liorer la qualit\u00e9 de sa production.<\/p><p>Trois d\u00e9marches d\u2019\u00e9valuation sont \u00e0 distinguer :<br \/>\u2013 l\u2019\u00e9valuation formative : l\u2019\u00e9valuation effectu\u00e9e en cours d\u2019activit\u00e9 visant \u00e0 appr\u00e9cier le progr\u00e8s accompli par l\u2019\u00e9l\u00e8ve et \u00e0 comprendre la nature des difficult\u00e9s qu\u2019il rencontre lors d\u2019un apprentissage; elle a pour but d\u2019am\u00e9liorer, de corriger ou de r\u00e9ajuster le cheminement de l\u2019\u00e9l\u00e8ve ; elle se fonde en partie sur l\u2019auto-\u00e9valuation (d\u00e9cret \u00ab Missions \u00bb, art. 5 );<br \/>\u2013 les \u00e9preuves \u00e0 caract\u00e8re sommatif : \u00e9preuves situ\u00e9es \u00e0 la fin d\u2019une s\u00e9quence d\u2019apprentissage et visant \u00e0 \u00e9tablir le bilan des acquis des \u00e9l\u00e8ves (d\u00e9cret \u00ab Missions \u00bb, art. 5 ) ;<br \/>\u2013 les \u00e9valuations certificatives d\u00e9bouchent sur l\u2019obtention d\u2019un certificat d\u2019\u00e9tudes d\u00e9livr\u00e9 sur la base d\u2019\u00e9preuves externes communes.<\/p><ul><li>fin de 6\u00e8me primaire : sur le CEB<\/li><li>fin du 1er degr\u00e9 du secondaire sur le CE1D<\/li><li>fin du 3\u00e8me degr\u00e9 du secondaire sur le CESS<\/li><\/ul>\t\t\t\t\t\t\t\t<\/div>\n\t\t\t\t<\/div>\n\t\t\t\t\t<\/div>\n\t\t\t\t<\/div>\n\t\t<div class=\"elementor-element elementor-element-ed85ae0 e-flex e-con-boxed e-con e-child\" data-id=\"ed85ae0\" data-element_type=\"container\" data-e-type=\"container\">\n\t\t\t\t\t<div class=\"e-con-inner\">\n\t\t\t\t<div class=\"elementor-element elementor-element-4085f36 elementor-widget elementor-widget-heading\" data-id=\"4085f36\" data-element_type=\"widget\" data-e-type=\"widget\" data-widget_type=\"heading.default\">\n\t\t\t\t<div class=\"elementor-widget-container\">\n\t\t\t\t\t<h3 class=\"elementor-heading-title elementor-size-default\">5. Exercer un m\u00e9tier collectif<\/h3>\t\t\t\t<\/div>\n\t\t\t\t<\/div>\n\t\t\t\t<div class=\"elementor-element elementor-element-e884128 elementor-widget elementor-widget-text-editor\" data-id=\"e884128\" data-element_type=\"widget\" data-e-type=\"widget\" data-widget_type=\"text-editor.default\">\n\t\t\t\t<div class=\"elementor-widget-container\">\n\t\t\t\t\t\t\t\t\t<p>Les enseignants, avec tous les partenaires de l\u2019\u00e9cole, sont solidairement responsables de leur mission au service des \u00e9l\u00e8ves. La collaboration de tous est requise pour aider chaque jeune \u00e0 d\u00e9velopper les m\u00eames comp\u00e9tences de 2 ans et demi \u00e0 18 ans et pour assurer son d\u00e9veloppement global, \u00e0 la fois intellectuel, affectif, psychologique et moteur. Cela n\u2019est possible que gr\u00e2ce \u00e0 un travail de concertation permanent entre les enseignants au sein de l\u2019\u00e9quipe \u00e9ducative. Les \u00e9changes et partages au sein d\u2019un m\u00eame cycle et d\u2019un cycle \u00e0 l\u2019autre sont les atouts d\u2019une r\u00e9elle continuit\u00e9 des apprentissages organis\u00e9s. Celle-ci incite chaque enseignant \u00e0 ne pas consid\u00e9rer sa profession comme un engagement individuel face \u00e0 ses \u00e9l\u00e8ves, mais comme un investissement dans les aspects collectifs de son m\u00e9tier.<\/p>\t\t\t\t\t\t\t\t<\/div>\n\t\t\t\t<\/div>\n\t\t\t\t\t<\/div>\n\t\t\t\t<\/div>\n\t\t<div class=\"elementor-element elementor-element-eafa2c0 e-flex e-con-boxed e-con e-child\" data-id=\"eafa2c0\" data-element_type=\"container\" data-e-type=\"container\">\n\t\t\t\t\t<div class=\"e-con-inner\">\n\t\t\t\t<div class=\"elementor-element elementor-element-b4748ba elementor-widget elementor-widget-heading\" data-id=\"b4748ba\" data-element_type=\"widget\" data-e-type=\"widget\" data-widget_type=\"heading.default\">\n\t\t\t\t<div class=\"elementor-widget-container\">\n\t\t\t\t\t<h3 class=\"elementor-heading-title elementor-size-default\">6. Construire une communaut\u00e9 ouverte sur le monde<\/h3>\t\t\t\t<\/div>\n\t\t\t\t<\/div>\n\t\t\t\t<div class=\"elementor-element elementor-element-2d2b04e elementor-widget elementor-widget-text-editor\" data-id=\"2d2b04e\" data-element_type=\"widget\" data-e-type=\"widget\" data-widget_type=\"text-editor.default\">\n\t\t\t\t<div class=\"elementor-widget-container\">\n\t\t\t\t\t\t\t\t\t<p>L\u2019\u00e9cole n\u2019est pas seule ; elle doit tenir compte des r\u00e9alit\u00e9s politiques, \u00e9conomiques et sociales et permettre aux jeunes de s\u2019impliquer dans cette r\u00e9alit\u00e9 et d\u2019utiliser les ressources de son environnement. C\u2019est ainsi que notre \u00e9cole sensibilise chacun \u00e0 l\u2019usage des nouvelles technologies, en veillant au respect de la vie priv\u00e9e. Elle s\u2019investit dans la sensibilisation \u00e0 l\u2019\u00e9cologie. Elle collabore avec de nombreux partenaires culturels et associatifs.<\/p>\t\t\t\t\t\t\t\t<\/div>\n\t\t\t\t<\/div>\n\t\t\t\t\t<\/div>\n\t\t\t\t<\/div>\n\t\t\t\t\t<\/div>\n\t\t\t\t<\/div>\n\t\t\t\t\t<\/div>\n\t\t\t\t<\/div>\n\t\t<div class=\"elementor-element elementor-element-394fcdc e-flex e-con-boxed e-con e-parent\" data-id=\"394fcdc\" data-element_type=\"container\" data-e-type=\"container\">\n\t\t\t\t\t<div class=\"e-con-inner\">\n\t\t\t\t<div class=\"elementor-element elementor-element-ea79f99 elementor-widget elementor-widget-button\" data-id=\"ea79f99\" data-element_type=\"widget\" data-e-type=\"widget\" data-widget_type=\"button.default\">\n\t\t\t\t<div class=\"elementor-widget-container\">\n\t\t\t\t\t\t\t\t\t<div class=\"elementor-button-wrapper\">\n\t\t\t\t\t<a class=\"elementor-button elementor-button-link elementor-size-sm\" href=\"#\">\n\t\t\t\t\t\t<span class=\"elementor-button-content-wrapper\">\n\t\t\t\t\t\t<span class=\"elementor-button-icon\">\n\t\t\t\t<svg aria-hidden=\"true\" class=\"e-font-icon-svg e-far-file-pdf\" viewBox=\"0 0 384 512\" xmlns=\"http:\/\/www.w3.org\/2000\/svg\"><path d=\"M369.9 97.9L286 14C277 5 264.8-.1 252.1-.1H48C21.5 0 0 21.5 0 48v416c0 26.5 21.5 48 48 48h288c26.5 0 48-21.5 48-48V131.9c0-12.7-5.1-25-14.1-34zM332.1 128H256V51.9l76.1 76.1zM48 464V48h160v104c0 13.3 10.7 24 24 24h104v288H48zm250.2-143.7c-12.2-12-47-8.7-64.4-6.5-17.2-10.5-28.7-25-36.8-46.3 3.9-16.1 10.1-40.6 5.4-56-4.2-26.2-37.8-23.6-42.6-5.9-4.4 16.1-.4 38.5 7 67.1-10 23.9-24.9 56-35.4 74.4-20 10.3-47 26.2-51 46.2-3.3 15.8 26 55.2 76.1-31.2 22.4-7.4 46.8-16.5 68.4-20.1 18.9 10.2 41 17 55.8 17 25.5 0 28-28.2 17.5-38.7zm-198.1 77.8c5.1-13.7 24.5-29.5 30.4-35-19 30.3-30.4 35.7-30.4 35zm81.6-190.6c7.4 0 6.7 32.1 1.8 40.8-4.4-13.9-4.3-40.8-1.8-40.8zm-24.4 136.6c9.7-16.9 18-37 24.7-54.7 8.3 15.1 18.9 27.2 30.1 35.5-20.8 4.3-38.9 13.1-54.8 19.2zm131.6-5s-5 6-37.3-7.8c35.1-2.6 40.9 5.4 37.3 7.8z\"><\/path><\/svg>\t\t\t<\/span>\n\t\t\t\t\t\t\t\t\t<span class=\"elementor-button-text\">Consulter la version pdf<\/span>\n\t\t\t\t\t<\/span>\n\t\t\t\t\t<\/a>\n\t\t\t\t<\/div>\n\t\t\t\t\t\t\t\t<\/div>\n\t\t\t\t<\/div>\n\t\t\t\t\t<\/div>\n\t\t\t\t<\/div>\n\t\t\t\t<\/div>\n\t\t","protected":false},"excerpt":{"rendered":"<p>PROJET \u00c9DUCATIF ET P\u00c9DAGOGIQUE NOTRE PROJET \u00c9DUCATIF Le Centre Scolaire Saint-Remacle de Stavelot assure depuis plus de 150 ans une formation humaniste aupr\u00e8s des jeunes de la Haute Ardenne. Il a fait l&rsquo;objet d&rsquo;un programme de r\u00e9novation important et innovant finalis\u00e9 en 2004, lui permettant ainsi de r\u00e9pondre aux d\u00e9fis de l&rsquo;\u00e9cole de demain et [&hellip;]<\/p>\n","protected":false},"author":1,"featured_media":0,"parent":277,"menu_order":0,"comment_status":"closed","ping_status":"closed","template":"","meta":{"iawp_total_views":282,"footnotes":""},"class_list":["post-318","page","type-page","status-publish","hentry"],"_links":{"self":[{"href":"https:\/\/saintremaclestavelot.be\/secondaire\/wp-json\/wp\/v2\/pages\/318","targetHints":{"allow":["GET"]}}],"collection":[{"href":"https:\/\/saintremaclestavelot.be\/secondaire\/wp-json\/wp\/v2\/pages"}],"about":[{"href":"https:\/\/saintremaclestavelot.be\/secondaire\/wp-json\/wp\/v2\/types\/page"}],"author":[{"embeddable":true,"href":"https:\/\/saintremaclestavelot.be\/secondaire\/wp-json\/wp\/v2\/users\/1"}],"replies":[{"embeddable":true,"href":"https:\/\/saintremaclestavelot.be\/secondaire\/wp-json\/wp\/v2\/comments?post=318"}],"version-history":[{"count":40,"href":"https:\/\/saintremaclestavelot.be\/secondaire\/wp-json\/wp\/v2\/pages\/318\/revisions"}],"predecessor-version":[{"id":8207,"href":"https:\/\/saintremaclestavelot.be\/secondaire\/wp-json\/wp\/v2\/pages\/318\/revisions\/8207"}],"up":[{"embeddable":true,"href":"https:\/\/saintremaclestavelot.be\/secondaire\/wp-json\/wp\/v2\/pages\/277"}],"wp:attachment":[{"href":"https:\/\/saintremaclestavelot.be\/secondaire\/wp-json\/wp\/v2\/media?parent=318"}],"curies":[{"name":"wp","href":"https:\/\/api.w.org\/{rel}","templated":true}]}}