{"id":220,"date":"2024-05-13T10:37:42","date_gmt":"2024-05-13T08:37:42","guid":{"rendered":"https:\/\/dev.cssr.be\/secondaire\/?page_id=220"},"modified":"2025-12-12T11:29:34","modified_gmt":"2025-12-12T10:29:34","slug":"presentation","status":"publish","type":"page","link":"https:\/\/saintremaclestavelot.be\/secondaire\/notre-ecole\/presentation\/","title":{"rendered":"Pr\u00e9sentation"},"content":{"rendered":"\t\t<div data-elementor-type=\"wp-page\" data-elementor-id=\"220\" class=\"elementor elementor-220\" data-elementor-post-type=\"page\">\n\t\t\t\t<div class=\"elementor-element elementor-element-df3e515 e-flex e-con-boxed e-con e-parent\" data-id=\"df3e515\" data-element_type=\"container\" data-e-type=\"container\">\n\t\t\t\t\t<div class=\"e-con-inner\">\n\t\t\t\t<div class=\"elementor-element elementor-element-266e88e elementor-widget elementor-widget-spacer\" data-id=\"266e88e\" data-element_type=\"widget\" data-e-type=\"widget\" data-widget_type=\"spacer.default\">\n\t\t\t\t<div class=\"elementor-widget-container\">\n\t\t\t\t\t\t\t<div class=\"elementor-spacer\">\n\t\t\t<div class=\"elementor-spacer-inner\"><\/div>\n\t\t<\/div>\n\t\t\t\t\t\t<\/div>\n\t\t\t\t<\/div>\n\t\t\t\t<div class=\"elementor-element elementor-element-f83bb8a elementor-widget elementor-widget-heading\" data-id=\"f83bb8a\" data-element_type=\"widget\" data-e-type=\"widget\" data-widget_type=\"heading.default\">\n\t\t\t\t<div class=\"elementor-widget-container\">\n\t\t\t\t\t<h1 class=\"elementor-heading-title elementor-size-default\">Pr\u00e9sentation<\/h1>\t\t\t\t<\/div>\n\t\t\t\t<\/div>\n\t\t\t\t<div class=\"elementor-element elementor-element-146eeed elementor-widget elementor-widget-heading\" data-id=\"146eeed\" data-element_type=\"widget\" data-e-type=\"widget\" data-widget_type=\"heading.default\">\n\t\t\t\t<div class=\"elementor-widget-container\">\n\t\t\t\t\t<h2 class=\"elementor-heading-title elementor-size-default\">Mot de la direction<\/h2>\t\t\t\t<\/div>\n\t\t\t\t<\/div>\n\t\t\t\t\t<\/div>\n\t\t\t\t<\/div>\n\t\t<div class=\"elementor-element elementor-element-6c270cb e-flex e-con-boxed e-con e-parent\" data-id=\"6c270cb\" data-element_type=\"container\" data-e-type=\"container\">\n\t\t\t\t\t<div class=\"e-con-inner\">\n\t\t<div class=\"elementor-element elementor-element-fcae28a e-con-full e-flex e-con e-child\" data-id=\"fcae28a\" data-element_type=\"container\" data-e-type=\"container\">\n\t\t\t\t<div class=\"elementor-element elementor-element-020bf48 elementor-widget elementor-widget-text-editor\" data-id=\"020bf48\" data-element_type=\"widget\" data-e-type=\"widget\" data-widget_type=\"text-editor.default\">\n\t\t\t\t<div class=\"elementor-widget-container\">\n\t\t\t\t\t\t\t\t\t<p class=\"cvGsUA direction-ltr align-justify para-style-body\"><span class=\"OYPEnA text-decoration-none text-strikethrough-none\">Le Coll\u00e8ge Saint-Remacle de Stavelot s\u2019inscrit dans notre paysage rural depuis plus de 150 ans.<\/span><\/p><p class=\"cvGsUA direction-ltr align-justify para-style-body\"><span class=\"OYPEnA text-decoration-none text-strikethrough-none\">Notre volont\u00e9 est de nous appuyer sur la richesse du pass\u00e9 pour construire ton avenir. Ensemble, \u00e9quipe \u00e9ducative, parents, \u00e9l\u00e8ves, \u0153uvrons \u00e0 vivre des valeurs pour construire des personnalit\u00e9s libres et responsables, des adultes ouverts \u00e0 la diversit\u00e9 du monde, \u00e0 la solidarit\u00e9 et au dialogue.<\/span><\/p><p class=\"cvGsUA direction-ltr align-justify para-style-body\"><span class=\"OYPEnA text-decoration-none text-strikethrough-none\">Tout en respectant la personnalit\u00e9 et le cheminement de chacun, notre action \u00e9ducative s\u2019efforcera d\u2019amener chaque \u00e9l\u00e8ve qui nous est confi\u00e9 \u00e0 s\u2019approprier les savoirs et \u00e0 acqu\u00e9rir les comp\u00e9tences n\u00e9cessaires au d\u00e9veloppement de son projet personnel afin de prendre une place active en tant que citoyen responsable.<\/span><\/p><p class=\"cvGsUA direction-ltr align-justify para-style-body\"><span class=\"OYPEnA text-decoration-none text-strikethrough-none\">Dans cette perspective, nous nous engageons \u00e0 accorder \u00e0 chacun un regard bienveillant et une attention particuli\u00e8re, \u00e0 le respecter dans ses erreurs comme dans ses succ\u00e8s.<\/span><\/p><p class=\"cvGsUA direction-ltr align-end para-style-body\"><span class=\"OYPEnA text-decoration-none text-strikethrough-none\">Au nom de la communaut\u00e9 \u00e9ducative du Coll\u00e8ge Saint-Remacle,<\/span><\/p>\t\t\t\t\t\t\t\t<\/div>\n\t\t\t\t<\/div>\n\t\t\t\t<\/div>\n\t\t<div class=\"elementor-element elementor-element-c3e1cea e-con-full e-flex e-con e-child\" data-id=\"c3e1cea\" data-element_type=\"container\" data-e-type=\"container\">\n\t\t<div class=\"elementor-element elementor-element-833d163 e-flex e-con-boxed e-con e-child\" data-id=\"833d163\" data-element_type=\"container\" data-e-type=\"container\" data-settings=\"{&quot;background_background&quot;:&quot;classic&quot;}\">\n\t\t\t\t\t<div class=\"e-con-inner\">\n\t\t\t\t<div class=\"elementor-element elementor-element-87376ae elementor-widget elementor-widget-image\" data-id=\"87376ae\" data-element_type=\"widget\" data-e-type=\"widget\" data-widget_type=\"image.default\">\n\t\t\t\t<div class=\"elementor-widget-container\">\n\t\t\t\t\t\t\t\t\t\t\t\t\t\t\t<img fetchpriority=\"high\" decoding=\"async\" width=\"200\" height=\"300\" src=\"https:\/\/saintremaclestavelot.be\/secondaire\/wp-content\/uploads\/sites\/2\/2025\/12\/03020716-200x300.jpg\" class=\"attachment-medium size-medium wp-image-9271\" alt=\"\" srcset=\"https:\/\/saintremaclestavelot.be\/secondaire\/wp-content\/uploads\/sites\/2\/2025\/12\/03020716-200x300.jpg 200w, https:\/\/saintremaclestavelot.be\/secondaire\/wp-content\/uploads\/sites\/2\/2025\/12\/03020716.jpg 298w\" sizes=\"(max-width: 200px) 100vw, 200px\" \/>\t\t\t\t\t\t\t\t\t\t\t\t\t\t\t<\/div>\n\t\t\t\t<\/div>\n\t\t\t\t<div class=\"elementor-element elementor-element-b9ea81a elementor-widget elementor-widget-text-editor\" data-id=\"b9ea81a\" data-element_type=\"widget\" data-e-type=\"widget\" data-widget_type=\"text-editor.default\">\n\t\t\t\t<div class=\"elementor-widget-container\">\n\t\t\t\t\t\t\t\t\t<p><b>Aur\u00e9lie Baudoin<\/b><\/p><p>Directrice du D.O.A.<\/p>\t\t\t\t\t\t\t\t<\/div>\n\t\t\t\t<\/div>\n\t\t\t\t\t<\/div>\n\t\t\t\t<\/div>\n\t\t<div class=\"elementor-element elementor-element-99b94bd e-con-full e-flex e-con e-child\" data-id=\"99b94bd\" data-element_type=\"container\" data-e-type=\"container\" data-settings=\"{&quot;background_background&quot;:&quot;classic&quot;}\">\n\t\t\t\t<div class=\"elementor-element elementor-element-2ade61d elementor-widget elementor-widget-image\" data-id=\"2ade61d\" data-element_type=\"widget\" data-e-type=\"widget\" data-widget_type=\"image.default\">\n\t\t\t\t<div class=\"elementor-widget-container\">\n\t\t\t\t\t\t\t\t\t\t\t\t\t\t\t<img decoding=\"async\" width=\"200\" height=\"300\" src=\"https:\/\/saintremaclestavelot.be\/secondaire\/wp-content\/uploads\/sites\/2\/2025\/12\/03020717-200x300.jpg\" class=\"attachment-medium size-medium wp-image-9272\" alt=\"\" srcset=\"https:\/\/saintremaclestavelot.be\/secondaire\/wp-content\/uploads\/sites\/2\/2025\/12\/03020717-200x300.jpg 200w, https:\/\/saintremaclestavelot.be\/secondaire\/wp-content\/uploads\/sites\/2\/2025\/12\/03020717.jpg 298w\" sizes=\"(max-width: 200px) 100vw, 200px\" \/>\t\t\t\t\t\t\t\t\t\t\t\t\t\t\t<\/div>\n\t\t\t\t<\/div>\n\t\t\t\t<div class=\"elementor-element elementor-element-5b2811d elementor-widget elementor-widget-text-editor\" data-id=\"5b2811d\" data-element_type=\"widget\" data-e-type=\"widget\" data-widget_type=\"text-editor.default\">\n\t\t\t\t<div class=\"elementor-widget-container\">\n\t\t\t\t\t\t\t\t\t<p><strong>Anne Lallemand<\/strong><\/p><p>Directrice du Coll\u00e8ge<\/p>\t\t\t\t\t\t\t\t<\/div>\n\t\t\t\t<\/div>\n\t\t\t\t<\/div>\n\t\t\t\t<\/div>\n\t\t\t\t\t<\/div>\n\t\t\t\t<\/div>\n\t\t<div class=\"elementor-element elementor-element-187f6f8 e-flex e-con-boxed e-con e-parent\" data-id=\"187f6f8\" data-element_type=\"container\" data-e-type=\"container\">\n\t\t\t\t\t<div class=\"e-con-inner\">\n\t\t\t\t<div class=\"elementor-element elementor-element-72a9ae4 elementor-widget elementor-widget-heading\" data-id=\"72a9ae4\" data-element_type=\"widget\" data-e-type=\"widget\" data-widget_type=\"heading.default\">\n\t\t\t\t<div class=\"elementor-widget-container\">\n\t\t\t\t\t<h2 class=\"elementor-heading-title elementor-size-default\">Le Coll\u00e8ge Saint-Remacle, une \u00e9cole bienveillante, exigeante et ouverte sur le monde<\/h2>\t\t\t\t<\/div>\n\t\t\t\t<\/div>\n\t\t\t\t<div class=\"elementor-element elementor-element-5d5719b elementor-widget elementor-widget-text-editor\" data-id=\"5d5719b\" data-element_type=\"widget\" data-e-type=\"widget\" data-widget_type=\"text-editor.default\">\n\t\t\t\t<div class=\"elementor-widget-container\">\n\t\t\t\t\t\t\t\t\t<p>Le Coll\u00e8ge Saint-Remacle de Stavelot est une \u00e9cole secondaire faisant partie d\u2019un centre scolaire qui accueille des jeunes de la maternelle \u00e0 la fin du secondaire.<\/p><p><img decoding=\"async\" class=\"wp-image-66 alignleft\" src=\"https:\/\/saintremaclestavelot.be\/secondaire\/wp-content\/uploads\/sites\/2\/2024\/05\/cvisuels-211021-120117-AP208666-300x200.jpg\" alt=\"\" width=\"335\" height=\"223\" srcset=\"https:\/\/saintremaclestavelot.be\/secondaire\/wp-content\/uploads\/sites\/2\/2024\/05\/cvisuels-211021-120117-AP208666-300x200.jpg 300w, https:\/\/saintremaclestavelot.be\/secondaire\/wp-content\/uploads\/sites\/2\/2024\/05\/cvisuels-211021-120117-AP208666-1024x683.jpg 1024w, https:\/\/saintremaclestavelot.be\/secondaire\/wp-content\/uploads\/sites\/2\/2024\/05\/cvisuels-211021-120117-AP208666-768x512.jpg 768w, https:\/\/saintremaclestavelot.be\/secondaire\/wp-content\/uploads\/sites\/2\/2024\/05\/cvisuels-211021-120117-AP208666-1536x1024.jpg 1536w, https:\/\/saintremaclestavelot.be\/secondaire\/wp-content\/uploads\/sites\/2\/2024\/05\/cvisuels-211021-120117-AP208666-2048x1365.jpg 2048w\" sizes=\"(max-width: 335px) 100vw, 335px\" \/><\/p><p>Nous offrons de l\u2019enseignement secondaire g\u00e9n\u00e9ral et un large choix d\u2019options\u00a0: scientifiques, math\u00e9matiques, litt\u00e9raires, sociales ou \u00e9conomiques. A la fin de ses \u00e9tudes chez nous, l\u2019objectif est de permettre \u00e0 chacun de nos jeunes d\u2019entamer des \u00e9tudes sup\u00e9rieurs avec le meilleur des bagages.<\/p><p>Notre \u00e9cole dispose d\u2019une infrastructure de qualit\u00e9 o\u00f9 il fait bon vivre et d\u2019\u00e9quipements num\u00e9riques dans chacune de nos classes.<\/p><p>Notre \u00e9cole est reconnue \u00e0 juste titre pour sa formation aboutie et sa pr\u00e9paration aux \u00e9tudes : nous cherchons \u00e0 transmettre le sens de l\u2019effort et le d\u00e9passement de soi \u00e0 tous les jeunes qui nous sont confi\u00e9s.<\/p><p>En parall\u00e8le, notre \u00e9quipe fournit un travail de qualit\u00e9 au quotidien. Elle fait preuve de proximit\u00e9 et de bienveillance vis \u00e0 vis de nos jeunes, chacun d\u2019entre nous cherche accueillir chaque \u00e9l\u00e8ve avec ses forces et ses faiblesses et nous mettons tout en \u0153uvre pour les accompagner dans leur d\u00e9veloppement scolaire et personnel.<\/p><p><img loading=\"lazy\" decoding=\"async\" class=\" wp-image-63 alignright\" src=\"https:\/\/saintremaclestavelot.be\/secondaire\/wp-content\/uploads\/sites\/2\/2024\/05\/cvisuels-211021-111943-AP208650_1-300x200.jpg\" alt=\"\" width=\"403\" height=\"269\" srcset=\"https:\/\/saintremaclestavelot.be\/secondaire\/wp-content\/uploads\/sites\/2\/2024\/05\/cvisuels-211021-111943-AP208650_1-300x200.jpg 300w, https:\/\/saintremaclestavelot.be\/secondaire\/wp-content\/uploads\/sites\/2\/2024\/05\/cvisuels-211021-111943-AP208650_1-1024x683.jpg 1024w, https:\/\/saintremaclestavelot.be\/secondaire\/wp-content\/uploads\/sites\/2\/2024\/05\/cvisuels-211021-111943-AP208650_1-768x512.jpg 768w, https:\/\/saintremaclestavelot.be\/secondaire\/wp-content\/uploads\/sites\/2\/2024\/05\/cvisuels-211021-111943-AP208650_1-1536x1024.jpg 1536w, https:\/\/saintremaclestavelot.be\/secondaire\/wp-content\/uploads\/sites\/2\/2024\/05\/cvisuels-211021-111943-AP208650_1.jpg 1920w\" sizes=\"(max-width: 403px) 100vw, 403px\" \/><\/p><p>Dans ce cadre, nous proposons de la rem\u00e9diation de la 1\u00e8re ann\u00e9e \u00e0 la rh\u00e9to, du coaching personnalis\u00e9, des ateliers de m\u00e9thode, de gestion de stress ou encore d\u2019organisation.<\/p><p>N\u2019oublions pas non plus que notre volont\u00e9 est d\u2019entretenir une collaboration \u00e9troite avec les parents centr\u00e9e sur le jeune et au service de son bien-\u00eatre et de ses apprentissages.<\/p>\t\t\t\t\t\t\t\t<\/div>\n\t\t\t\t<\/div>\n\t\t\t\t\t<\/div>\n\t\t\t\t<\/div>\n\t\t\t\t<\/div>\n\t\t","protected":false},"excerpt":{"rendered":"<p>Pr\u00e9sentation Mot de la direction Le Coll\u00e8ge Saint-Remacle de Stavelot s\u2019inscrit dans notre paysage rural depuis plus de 150 ans. Notre volont\u00e9 est de nous appuyer sur la richesse du pass\u00e9 pour construire ton avenir. Ensemble, \u00e9quipe \u00e9ducative, parents, \u00e9l\u00e8ves, \u0153uvrons \u00e0 vivre des valeurs pour construire des personnalit\u00e9s libres et responsables, des adultes ouverts [&hellip;]<\/p>\n","protected":false},"author":1,"featured_media":0,"parent":218,"menu_order":0,"comment_status":"closed","ping_status":"closed","template":"","meta":{"iawp_total_views":3572,"footnotes":""},"class_list":["post-220","page","type-page","status-publish","hentry"],"_links":{"self":[{"href":"https:\/\/saintremaclestavelot.be\/secondaire\/wp-json\/wp\/v2\/pages\/220","targetHints":{"allow":["GET"]}}],"collection":[{"href":"https:\/\/saintremaclestavelot.be\/secondaire\/wp-json\/wp\/v2\/pages"}],"about":[{"href":"https:\/\/saintremaclestavelot.be\/secondaire\/wp-json\/wp\/v2\/types\/page"}],"author":[{"embeddable":true,"href":"https:\/\/saintremaclestavelot.be\/secondaire\/wp-json\/wp\/v2\/users\/1"}],"replies":[{"embeddable":true,"href":"https:\/\/saintremaclestavelot.be\/secondaire\/wp-json\/wp\/v2\/comments?post=220"}],"version-history":[{"count":76,"href":"https:\/\/saintremaclestavelot.be\/secondaire\/wp-json\/wp\/v2\/pages\/220\/revisions"}],"predecessor-version":[{"id":9278,"href":"https:\/\/saintremaclestavelot.be\/secondaire\/wp-json\/wp\/v2\/pages\/220\/revisions\/9278"}],"up":[{"embeddable":true,"href":"https:\/\/saintremaclestavelot.be\/secondaire\/wp-json\/wp\/v2\/pages\/218"}],"wp:attachment":[{"href":"https:\/\/saintremaclestavelot.be\/secondaire\/wp-json\/wp\/v2\/media?parent=220"}],"curies":[{"name":"wp","href":"https:\/\/api.w.org\/{rel}","templated":true}]}}